{"id":8,"date":"2015-03-12T14:07:46","date_gmt":"2015-03-12T14:07:46","guid":{"rendered":"http:\/\/avada.theme-fusion.com_demos\/lifestyle\/?page_id=8"},"modified":"2023-08-30T06:29:03","modified_gmt":"2023-08-30T06:29:03","slug":"home","status":"publish","type":"page","link":"https:\/\/feriadeteatro.com\/feria2023\/","title":{"rendered":"Feria de Teatro de Castilla y Le\u00f3n &#8211; Ciudad Rodrigo"},"content":{"rendered":"<p><div class=\"fusion-fullwidth fullwidth-box fusion-builder-row-1 fusion-flex-container hundred-percent-fullwidth non-hundred-percent-height-scrolling\" style=\"--awb-background-position:left top;--awb-border-sizes-top:0px;--awb-border-sizes-bottom:0px;--awb-border-sizes-left:0px;--awb-border-sizes-right:0px;--awb-border-radius-top-left:0px;--awb-border-radius-top-right:0px;--awb-border-radius-bottom-right:0px;--awb-border-radius-bottom-left:0px;--awb-padding-top:20px;--awb-padding-bottom:50px;--awb-flex-wrap:wrap;\" ><div class=\"fusion-builder-row fusion-row fusion-flex-align-items-flex-start fusion-flex-justify-content-center fusion-flex-content-wrap\" style=\"width:104% !important;max-width:104% !important;margin-left: calc(-4% \/ 2 );margin-right: calc(-4% \/ 2 );\"><div class=\"fusion-layout-column fusion_builder_column fusion-builder-column-0 fusion_builder_column_1_1 1_1 fusion-flex-column fusion-flex-align-self-stretch\" style=\"--awb-bg-size:cover;--awb-width-large:100%;--awb-margin-top-large:0px;--awb-spacing-right-large:1.92%;--awb-margin-bottom-large:0px;--awb-spacing-left-large:1.92%;--awb-width-medium:100%;--awb-order-medium:0;--awb-spacing-right-medium:1.92%;--awb-spacing-left-medium:1.92%;--awb-width-small:100%;--awb-order-small:0;--awb-spacing-right-small:1.92%;--awb-spacing-left-small:1.92%;\"><div class=\"fusion-column-wrapper fusion-column-has-shadow fusion-flex-justify-content-space-around fusion-content-layout-column\"><div class=\"fusion-builder-row fusion-builder-row-inner fusion-row fusion-flex-align-items-flex-start fusion-flex-justify-content-center fusion-flex-content-wrap\" style=\"width:104% !important;max-width:104% !important;margin-left: calc(-4% \/ 2 );margin-right: calc(-4% \/ 2 );\"><div class=\"fusion-layout-column fusion_builder_column_inner fusion-builder-nested-column-0 fusion_builder_column_inner_1_5 1_5 fusion-flex-column\" style=\"--awb-bg-size:cover;--awb-width-large:20%;--awb-margin-top-large:0px;--awb-spacing-right-large:9.6%;--awb-margin-bottom-large:0px;--awb-spacing-left-large:9.6%;--awb-width-medium:100%;--awb-order-medium:0;--awb-spacing-right-medium:1.92%;--awb-spacing-left-medium:1.92%;--awb-width-small:100%;--awb-order-small:0;--awb-spacing-right-small:1.92%;--awb-spacing-left-small:1.92%;\"><div class=\"fusion-column-wrapper fusion-column-has-shadow fusion-flex-justify-content-flex-start fusion-content-layout-column\"><div class=\"fusion-image-element \" style=\"text-align:center;--awb-caption-title-font-family:var(--h2_typography-font-family);--awb-caption-title-font-weight:var(--h2_typography-font-weight);--awb-caption-title-font-style:var(--h2_typography-font-style);--awb-caption-title-size:var(--h2_typography-font-size);--awb-caption-title-transform:var(--h2_typography-text-transform);--awb-caption-title-line-height:var(--h2_typography-line-height);--awb-caption-title-letter-spacing:var(--h2_typography-letter-spacing);\"><span class=\" fusion-imageframe imageframe-none imageframe-1 hover-type-none\"><img decoding=\"async\" width=\"400\" height=\"530\" title=\"boton-gracias\" data-src=\"https:\/\/feriadeteatro.com\/feria2023\/wp-content\/uploads\/2023\/08\/boton-gracias.gif\" alt class=\"img-responsive wp-image-9879 lazyload\" src=\"data:image\/svg+xml;base64,PHN2ZyB3aWR0aD0iMSIgaGVpZ2h0PSIxIiB4bWxucz0iaHR0cDovL3d3dy53My5vcmcvMjAwMC9zdmciPjwvc3ZnPg==\" style=\"--smush-placeholder-width: 400px; --smush-placeholder-aspect-ratio: 400\/530;\" \/><\/span><\/div><div class=\"fusion-separator fusion-full-width-sep\" style=\"align-self: center;margin-left: auto;margin-right: auto;margin-top:10px;width:100%;\"><\/div><\/div><\/div><div class=\"fusion-layout-column fusion_builder_column_inner fusion-builder-nested-column-1 fusion_builder_column_inner_1_5 1_5 fusion-flex-column\" style=\"--awb-bg-size:cover;--awb-width-large:20%;--awb-margin-top-large:0px;--awb-spacing-right-large:9.6%;--awb-margin-bottom-large:0px;--awb-spacing-left-large:9.6%;--awb-width-medium:100%;--awb-order-medium:0;--awb-spacing-right-medium:1.92%;--awb-spacing-left-medium:1.92%;--awb-width-small:100%;--awb-order-small:0;--awb-spacing-right-small:1.92%;--awb-spacing-left-small:1.92%;\"><div class=\"fusion-column-wrapper fusion-column-has-shadow fusion-flex-justify-content-flex-start fusion-content-layout-column\"><div class=\"fusion-image-element \" style=\"text-align:center;--awb-caption-title-font-family:var(--h2_typography-font-family);--awb-caption-title-font-weight:var(--h2_typography-font-weight);--awb-caption-title-font-style:var(--h2_typography-font-style);--awb-caption-title-size:var(--h2_typography-font-size);--awb-caption-title-transform:var(--h2_typography-text-transform);--awb-caption-title-line-height:var(--h2_typography-line-height);--awb-caption-title-letter-spacing:var(--h2_typography-letter-spacing);\"><span class=\" fusion-imageframe imageframe-none imageframe-2 hover-type-none\"><a class=\"fusion-no-lightbox\" href=\"https:\/\/feriadeteatro.com\/feria2023\/programacion-2023\/\" target=\"_blank\" aria-label=\"botonProgramacion26feria\" rel=\"noopener noreferrer\"><img decoding=\"async\" width=\"400\" height=\"530\" data-src=\"https:\/\/feriadeteatro.com\/feria2023\/wp-content\/uploads\/2023\/06\/botonProgramacion26feria.jpg\" alt class=\"img-responsive wp-image-8982 lazyload\" data-srcset=\"https:\/\/feriadeteatro.com\/feria2023\/wp-content\/uploads\/2023\/06\/botonProgramacion26feria-200x265.jpg 200w, https:\/\/feriadeteatro.com\/feria2023\/wp-content\/uploads\/2023\/06\/botonProgramacion26feria.jpg 400w\" data-sizes=\"(max-width: 1024px) 100vw, (max-width: 640px) 100vw, 200px\" src=\"data:image\/svg+xml;base64,PHN2ZyB3aWR0aD0iMSIgaGVpZ2h0PSIxIiB4bWxucz0iaHR0cDovL3d3dy53My5vcmcvMjAwMC9zdmciPjwvc3ZnPg==\" style=\"--smush-placeholder-width: 400px; --smush-placeholder-aspect-ratio: 400\/530;\" \/><\/a><\/span><\/div><div class=\"fusion-separator fusion-full-width-sep\" style=\"align-self: center;margin-left: auto;margin-right: auto;margin-top:10px;width:100%;\"><\/div><\/div><\/div><div class=\"fusion-layout-column fusion_builder_column_inner fusion-builder-nested-column-2 fusion_builder_column_inner_1_5 1_5 fusion-flex-column\" style=\"--awb-bg-size:cover;--awb-width-large:20%;--awb-margin-top-large:0px;--awb-spacing-right-large:9.6%;--awb-margin-bottom-large:0px;--awb-spacing-left-large:9.6%;--awb-width-medium:100%;--awb-order-medium:0;--awb-spacing-right-medium:1.92%;--awb-spacing-left-medium:1.92%;--awb-width-small:100%;--awb-order-small:0;--awb-spacing-right-small:1.92%;--awb-spacing-left-small:1.92%;\"><div class=\"fusion-column-wrapper fusion-column-has-shadow fusion-flex-justify-content-flex-start fusion-content-layout-column\"><div class=\"fusion-image-element \" style=\"text-align:center;--awb-caption-title-font-family:var(--h2_typography-font-family);--awb-caption-title-font-weight:var(--h2_typography-font-weight);--awb-caption-title-font-style:var(--h2_typography-font-style);--awb-caption-title-size:var(--h2_typography-font-size);--awb-caption-title-transform:var(--h2_typography-text-transform);--awb-caption-title-line-height:var(--h2_typography-line-height);--awb-caption-title-letter-spacing:var(--h2_typography-letter-spacing);\"><span class=\" fusion-imageframe imageframe-none imageframe-3 hover-type-none\"><a class=\"fusion-no-lightbox\" href=\"https:\/\/feriadeteatro.com\/feria2023\/premios-del-publico-de-la-26-feria\/\" target=\"_self\" aria-label=\"boton-premios-publico-i\"><img decoding=\"async\" width=\"400\" height=\"530\" data-src=\"https:\/\/feriadeteatro.com\/feria2023\/wp-content\/uploads\/2023\/08\/boton-premios-publico-i.jpg\" alt class=\"img-responsive wp-image-9999 lazyload\" data-srcset=\"https:\/\/feriadeteatro.com\/feria2023\/wp-content\/uploads\/2023\/08\/boton-premios-publico-i-200x265.jpg 200w, https:\/\/feriadeteatro.com\/feria2023\/wp-content\/uploads\/2023\/08\/boton-premios-publico-i.jpg 400w\" data-sizes=\"(max-width: 1024px) 100vw, (max-width: 640px) 100vw, 200px\" src=\"data:image\/svg+xml;base64,PHN2ZyB3aWR0aD0iMSIgaGVpZ2h0PSIxIiB4bWxucz0iaHR0cDovL3d3dy53My5vcmcvMjAwMC9zdmciPjwvc3ZnPg==\" style=\"--smush-placeholder-width: 400px; --smush-placeholder-aspect-ratio: 400\/530;\" \/><\/a><\/span><\/div><div class=\"fusion-separator fusion-full-width-sep\" style=\"align-self: center;margin-left: auto;margin-right: auto;margin-top:10px;width:100%;\"><\/div><\/div><\/div><div class=\"fusion-layout-column fusion_builder_column_inner fusion-builder-nested-column-3 fusion_builder_column_inner_1_5 1_5 fusion-flex-column\" style=\"--awb-bg-size:cover;--awb-width-large:20%;--awb-margin-top-large:0px;--awb-spacing-right-large:9.6%;--awb-margin-bottom-large:0px;--awb-spacing-left-large:9.6%;--awb-width-medium:100%;--awb-order-medium:0;--awb-spacing-right-medium:1.92%;--awb-spacing-left-medium:1.92%;--awb-width-small:100%;--awb-order-small:0;--awb-spacing-right-small:1.92%;--awb-spacing-left-small:1.92%;\"><div class=\"fusion-column-wrapper fusion-column-has-shadow fusion-flex-justify-content-flex-start fusion-content-layout-column\"><div class=\"fusion-image-element \" style=\"text-align:center;--awb-caption-title-font-family:var(--h2_typography-font-family);--awb-caption-title-font-weight:var(--h2_typography-font-weight);--awb-caption-title-font-style:var(--h2_typography-font-style);--awb-caption-title-size:var(--h2_typography-font-size);--awb-caption-title-transform:var(--h2_typography-text-transform);--awb-caption-title-line-height:var(--h2_typography-line-height);--awb-caption-title-letter-spacing:var(--h2_typography-letter-spacing);\"><span class=\" fusion-imageframe imageframe-none imageframe-4 hover-type-none\"><a class=\"fusion-no-lightbox\" href=\"https:\/\/www.feriadeteatro.com\/catalogociascyl\/\" target=\"_blank\" aria-label=\"boton-catalogo-cias-cyl\" rel=\"noopener noreferrer\"><img decoding=\"async\" width=\"400\" height=\"530\" data-src=\"https:\/\/feriadeteatro.com\/feria2023\/wp-content\/uploads\/2023\/05\/boton-catalogo-cias-cyl.jpg\" alt class=\"img-responsive wp-image-8812 lazyload\" data-srcset=\"https:\/\/feriadeteatro.com\/feria2023\/wp-content\/uploads\/2023\/05\/boton-catalogo-cias-cyl-200x265.jpg 200w, https:\/\/feriadeteatro.com\/feria2023\/wp-content\/uploads\/2023\/05\/boton-catalogo-cias-cyl.jpg 400w\" data-sizes=\"(max-width: 1024px) 100vw, (max-width: 640px) 100vw, 200px\" src=\"data:image\/svg+xml;base64,PHN2ZyB3aWR0aD0iMSIgaGVpZ2h0PSIxIiB4bWxucz0iaHR0cDovL3d3dy53My5vcmcvMjAwMC9zdmciPjwvc3ZnPg==\" style=\"--smush-placeholder-width: 400px; --smush-placeholder-aspect-ratio: 400\/530;\" \/><\/a><\/span><\/div><div class=\"fusion-separator fusion-full-width-sep\" style=\"align-self: center;margin-left: auto;margin-right: auto;margin-top:10px;width:100%;\"><\/div><\/div><\/div><div class=\"fusion-layout-column fusion_builder_column_inner fusion-builder-nested-column-4 fusion_builder_column_inner_1_5 1_5 fusion-flex-column\" style=\"--awb-bg-size:cover;--awb-width-large:20%;--awb-margin-top-large:0px;--awb-spacing-right-large:9.6%;--awb-margin-bottom-large:0px;--awb-spacing-left-large:9.6%;--awb-width-medium:100%;--awb-order-medium:0;--awb-spacing-right-medium:1.92%;--awb-spacing-left-medium:1.92%;--awb-width-small:100%;--awb-order-small:0;--awb-spacing-right-small:1.92%;--awb-spacing-left-small:1.92%;\"><div class=\"fusion-column-wrapper fusion-column-has-shadow fusion-flex-justify-content-flex-start fusion-content-layout-column\"><div class=\"fusion-image-element \" style=\"text-align:center;--awb-caption-title-font-family:var(--h2_typography-font-family);--awb-caption-title-font-weight:var(--h2_typography-font-weight);--awb-caption-title-font-style:var(--h2_typography-font-style);--awb-caption-title-size:var(--h2_typography-font-size);--awb-caption-title-transform:var(--h2_typography-text-transform);--awb-caption-title-line-height:var(--h2_typography-line-height);--awb-caption-title-letter-spacing:var(--h2_typography-letter-spacing);\"><span class=\" fusion-imageframe imageframe-none imageframe-5 hover-type-none\"><a class=\"fusion-no-lightbox\" href=\"https:\/\/feriadeteatro.com\/feria2023\/apartado-multimedia\/\" target=\"_self\" aria-label=\"boton-apartado-multimedia-alto\"><img decoding=\"async\" width=\"400\" height=\"530\" data-src=\"https:\/\/feriadeteatro.com\/feria2023\/wp-content\/uploads\/2023\/05\/boton-apartado-multimedia-alto.jpg\" alt class=\"img-responsive wp-image-8813 lazyload\" data-srcset=\"https:\/\/feriadeteatro.com\/feria2023\/wp-content\/uploads\/2023\/05\/boton-apartado-multimedia-alto-200x265.jpg 200w, https:\/\/feriadeteatro.com\/feria2023\/wp-content\/uploads\/2023\/05\/boton-apartado-multimedia-alto.jpg 400w\" data-sizes=\"(max-width: 1024px) 100vw, (max-width: 640px) 100vw, 200px\" src=\"data:image\/svg+xml;base64,PHN2ZyB3aWR0aD0iMSIgaGVpZ2h0PSIxIiB4bWxucz0iaHR0cDovL3d3dy53My5vcmcvMjAwMC9zdmciPjwvc3ZnPg==\" style=\"--smush-placeholder-width: 400px; --smush-placeholder-aspect-ratio: 400\/530;\" \/><\/a><\/span><\/div><div class=\"fusion-separator fusion-full-width-sep\" style=\"align-self: center;margin-left: auto;margin-right: auto;margin-top:10px;width:100%;\"><\/div><\/div><\/div><\/div><\/div><\/div><\/div><\/div><div class=\"fusion-fullwidth fullwidth-box fusion-builder-row-2 fusion-flex-container nonhundred-percent-fullwidth non-hundred-percent-height-scrolling\" style=\"--awb-background-position:left top;--awb-border-sizes-top:0px;--awb-border-sizes-bottom:0px;--awb-border-sizes-left:0px;--awb-border-sizes-right:0px;--awb-border-radius-top-left:0px;--awb-border-radius-top-right:0px;--awb-border-radius-bottom-right:0px;--awb-border-radius-bottom-left:0px;--awb-padding-top:50px;--awb-padding-bottom:130px;--awb-background-color:rgba(229,229,229,0);--awb-flex-wrap:wrap;\" ><div class=\"fusion-builder-row fusion-row fusion-flex-align-items-flex-start fusion-flex-content-wrap\" style=\"max-width:1216.8px;margin-left: calc(-4% \/ 2 );margin-right: calc(-4% \/ 2 );\"><div class=\"fusion-layout-column fusion_builder_column fusion-builder-column-1 fusion_builder_column_1_1 1_1 fusion-flex-column fusion-flex-align-self-flex-start fusion-column-no-min-height\" style=\"--awb-bg-size:cover;--awb-width-large:100%;--awb-margin-top-large:0px;--awb-spacing-right-large:1.92%;--awb-margin-bottom-large:0px;--awb-spacing-left-large:1.92%;--awb-width-medium:100%;--awb-spacing-right-medium:1.92%;--awb-spacing-left-medium:1.92%;--awb-width-small:100%;--awb-spacing-right-small:1.92%;--awb-spacing-left-small:1.92%;\"><div class=\"fusion-column-wrapper fusion-flex-justify-content-flex-start fusion-content-layout-column\"><div class=\"fusion-text fusion-text-1\"><h2 style=\"text-align: center;\">\u00daltimas noticias<\/h2>\n<\/div><div class=\"fusion-separator fusion-full-width-sep\" style=\"align-self: center;margin-left: auto;margin-right: auto;margin-top:40px;width:100%;\"><\/div><\/div><\/div><div class=\"fusion-layout-column fusion_builder_column fusion-builder-column-2 fusion_builder_column_1_1 1_1 fusion-flex-column fusion-flex-align-self-flex-start fusion-column-no-min-height\" style=\"--awb-bg-size:cover;--awb-width-large:100%;--awb-margin-top-large:0px;--awb-spacing-right-large:1.92%;--awb-margin-bottom-large:0px;--awb-spacing-left-large:1.92%;--awb-width-medium:100%;--awb-spacing-right-medium:1.92%;--awb-spacing-left-medium:1.92%;--awb-width-small:100%;--awb-spacing-right-small:1.92%;--awb-spacing-left-small:1.92%;\"><div class=\"fusion-column-wrapper fusion-flex-justify-content-flex-start fusion-content-layout-column\"><div class=\"fusion-blog-shortcode fusion-blog-shortcode-1 fusion-blog-archive fusion-blog-layout-grid-wrapper fusion-blog-pagination\"><style type=\"text\/css\">.fusion-blog-shortcode-1 .fusion-blog-layout-grid .fusion-post-grid{padding:10px;}.fusion-blog-shortcode-1 .fusion-posts-container{margin-left: -10px !important; margin-right:-10px !important;}<\/style><div class=\"fusion-posts-container fusion-posts-container-pagination fusion-no-meta-info fusion-blog-rollover fusion-blog-layout-grid fusion-blog-layout-grid-3 isotope\" data-pages=\"17\" data-grid-col-space=\"20\" style=\"margin: -10px -10px 0;min-height:500px;\"><article id=\"blog-1-post-10071\" class=\"fusion-post-grid post-10071 post type-post status-publish format-standard has-post-thumbnail hentry category-notas-de-prensa category-noticias tag-27feria tag-artesescenicas tag-cultura tag-feriadeteatro tag-gestioncultural-infanciayjuventud tag-premios tag-premiosrosa tag-reconocmientos tag-rural tag-teatro\">\n<div class=\"fusion-post-wrapper\" style=\"background-color:rgba(255,255,255,0);border:1px solid #ebeaea;border-bottom-width:3px;\">\n\n\t\t\t<div class=\"fusion-flexslider flexslider fusion-flexslider-loading fusion-post-slideshow\" style=\"border-color:#ebeaea;\">\n\t\t<ul class=\"slides\">\n\t\t\t\n\t\t\t\t\t\t\t\t\t\t\t\t\t\t<li><div  class=\"fusion-image-wrapper\" aria-haspopup=\"true\">\n\t\t\t\t<img decoding=\"async\" width=\"620\" height=\"413\" data-src=\"https:\/\/feriadeteatro.com\/feria2023\/wp-content\/uploads\/2024\/07\/emiliodemiguel.jpg\" class=\"attachment-full size-full wp-post-image lazyload\" alt=\"\" data-srcset=\"https:\/\/feriadeteatro.com\/feria2023\/wp-content\/uploads\/2024\/07\/emiliodemiguel-200x133.jpg 200w, https:\/\/feriadeteatro.com\/feria2023\/wp-content\/uploads\/2024\/07\/emiliodemiguel-400x266.jpg 400w, https:\/\/feriadeteatro.com\/feria2023\/wp-content\/uploads\/2024\/07\/emiliodemiguel-600x400.jpg 600w, https:\/\/feriadeteatro.com\/feria2023\/wp-content\/uploads\/2024\/07\/emiliodemiguel.jpg 620w\" data-sizes=\"(min-width: 2200px) 100vw, (min-width: 824px) 377px, (min-width: 732px) 565px, (min-width: 640px) 732px,\" src=\"data:image\/svg+xml;base64,PHN2ZyB3aWR0aD0iMSIgaGVpZ2h0PSIxIiB4bWxucz0iaHR0cDovL3d3dy53My5vcmcvMjAwMC9zdmciPjwvc3ZnPg==\" style=\"--smush-placeholder-width: 620px; --smush-placeholder-aspect-ratio: 620\/413;\" \/><div class=\"fusion-rollover\">\n\t<div class=\"fusion-rollover-content\">\n\n\t\t\t\t\t\t\t\t\t\t\t\t\t\t<a class=\"fusion-rollover-link\" href=\"https:\/\/feriadeteatro.com\/feria2023\/2024\/07\/16\/emilio-de-miguel-camino-escena-norte-y-cultivando-miradas-premios-rosa-maria-garcia-cano-en-su-13o-edicion-2024\/\">EMILIO DE MIGUEL, CAMINO ESCENA NORTE Y CULTIVANDO MIRADAS, PREMIOS ROSA MAR\u00cdA GARC\u00cdA CANO EN SU 13\u00ba EDICI\u00d3N &#8211; 2024<\/a>\n\t\t\t\n\t\t\t\t\t\t\t\t\t\t\t\t\t\t\n\t\t\t\t\t\t\t\t\n\t\t\t\t\t\t\t\t\t\t\t\t\t<div class=\"fusion-rollover-sep\"><\/div>\n\t\t\t\t\n\t\t\t\t\t\t\t\t\t\t\t\t\t\t\t\t\t\t<a class=\"fusion-rollover-gallery\" href=\"https:\/\/feriadeteatro.com\/feria2023\/wp-content\/uploads\/2024\/07\/emiliodemiguel.jpg\" data-id=\"10071\" data-rel=\"iLightbox[gallery]\" data-title=\"emiliodemiguel\" data-caption=\"\">\n\t\t\t\t\t\tGaler\u00eda\t\t\t\t\t<\/a>\n\t\t\t\t\t\t\t\t\t\t\t\t\t\t\n\t\t\n\t\t\t\t\t\t\t\t\n\t\t\t\t\t\t\t\t\n\t\t\n\t\t\t\t\t\t<a class=\"fusion-link-wrapper\" href=\"https:\/\/feriadeteatro.com\/feria2023\/2024\/07\/16\/emilio-de-miguel-camino-escena-norte-y-cultivando-miradas-premios-rosa-maria-garcia-cano-en-su-13o-edicion-2024\/\" aria-label=\"EMILIO DE MIGUEL, CAMINO ESCENA NORTE Y CULTIVANDO MIRADAS, PREMIOS ROSA MAR\u00cdA GARC\u00cdA CANO EN SU 13\u00ba EDICI\u00d3N &#8211; 2024\"><\/a>\n\t<\/div>\n<\/div>\n<\/div>\n<\/li>\n\t\t\t\n\t\t\t\n\t\t\t\t\t\t\t\t\t\t\t\t\t\t\t\t\t\t\t\t\t\t\t\t\t\t\t\t\t\t\t\t\t\t\t\t\t\t\t\t\t\t\t\t\t\t\t\t\t\t\t\t\t\t\t\t\t\t\t\t\t\t\t\t\t\t\t\t<\/ul>\n\t<\/div>\n\t<div class=\"fusion-post-content-wrapper\" style=\"padding:30px 25px 20px 25px;\"><div class=\"fusion-post-content post-content\"><h2 class=\"blog-shortcode-post-title entry-title\"><a href=\"https:\/\/feriadeteatro.com\/feria2023\/2024\/07\/16\/emilio-de-miguel-camino-escena-norte-y-cultivando-miradas-premios-rosa-maria-garcia-cano-en-su-13o-edicion-2024\/\">EMILIO DE MIGUEL, CAMINO ESCENA NORTE Y CULTIVANDO MIRADAS, PREMIOS ROSA MAR\u00cdA GARC\u00cdA CANO EN SU 13\u00ba EDICI\u00d3N &#8211; 2024<\/a><\/h2><\/div><\/div><div class=\"fusion-clearfix\"><\/div><\/div>\n<\/article>\n<article id=\"blog-1-post-10062\" class=\"fusion-post-grid post-10062 post type-post status-publish format-standard has-post-thumbnail hentry category-notas-de-prensa category-noticias tag-27feria tag-gestioncultural-infanciayjuventud tag-premios tag-premiosrosa tag-rural\">\n<div class=\"fusion-post-wrapper\" style=\"background-color:rgba(255,255,255,0);border:1px solid #ebeaea;border-bottom-width:3px;\">\n\n\t\t\t<div class=\"fusion-flexslider flexslider fusion-flexslider-loading fusion-post-slideshow\" style=\"border-color:#ebeaea;\">\n\t\t<ul class=\"slides\">\n\t\t\t\n\t\t\t\t\t\t\t\t\t\t\t\t\t\t<li><div  class=\"fusion-image-wrapper\" aria-haspopup=\"true\">\n\t\t\t\t<img decoding=\"async\" width=\"2560\" height=\"1800\" data-src=\"https:\/\/feriadeteatro.com\/feria2023\/wp-content\/uploads\/2024\/04\/PREMIOS_ROSA_20-scaled.jpg\" class=\"attachment-full size-full wp-post-image lazyload\" alt=\"\" data-srcset=\"https:\/\/feriadeteatro.com\/feria2023\/wp-content\/uploads\/2024\/04\/PREMIOS_ROSA_20-200x141.jpg 200w, https:\/\/feriadeteatro.com\/feria2023\/wp-content\/uploads\/2024\/04\/PREMIOS_ROSA_20-400x281.jpg 400w, https:\/\/feriadeteatro.com\/feria2023\/wp-content\/uploads\/2024\/04\/PREMIOS_ROSA_20-600x422.jpg 600w, https:\/\/feriadeteatro.com\/feria2023\/wp-content\/uploads\/2024\/04\/PREMIOS_ROSA_20-800x562.jpg 800w, https:\/\/feriadeteatro.com\/feria2023\/wp-content\/uploads\/2024\/04\/PREMIOS_ROSA_20-1200x844.jpg 1200w, https:\/\/feriadeteatro.com\/feria2023\/wp-content\/uploads\/2024\/04\/PREMIOS_ROSA_20-scaled.jpg 2560w\" data-sizes=\"(min-width: 2200px) 100vw, (min-width: 824px) 377px, (min-width: 732px) 565px, (min-width: 640px) 732px,\" src=\"data:image\/svg+xml;base64,PHN2ZyB3aWR0aD0iMSIgaGVpZ2h0PSIxIiB4bWxucz0iaHR0cDovL3d3dy53My5vcmcvMjAwMC9zdmciPjwvc3ZnPg==\" style=\"--smush-placeholder-width: 2560px; --smush-placeholder-aspect-ratio: 2560\/1800;\" \/><div class=\"fusion-rollover\">\n\t<div class=\"fusion-rollover-content\">\n\n\t\t\t\t\t\t\t\t\t\t\t\t\t\t<a class=\"fusion-rollover-link\" href=\"https:\/\/feriadeteatro.com\/feria2023\/2024\/04\/19\/la-13o-edicion-de-los-premios-rosa-maria-garcia-cano-abre-su-convocatoria\/\">LA 13\u00ba EDICI\u00d3N DE LOS PREMIOS ROSA MAR\u00cdA GARC\u00cdA CANO ABRE SU CONVOCATORIA<\/a>\n\t\t\t\n\t\t\t\t\t\t\t\t\t\t\t\t\t\t\n\t\t\t\t\t\t\t\t\n\t\t\t\t\t\t\t\t\t\t\t\t\t<div class=\"fusion-rollover-sep\"><\/div>\n\t\t\t\t\n\t\t\t\t\t\t\t\t\t\t\t\t\t\t\t\t\t\t<a class=\"fusion-rollover-gallery\" href=\"https:\/\/feriadeteatro.com\/feria2023\/wp-content\/uploads\/2024\/04\/PREMIOS_ROSA_20-scaled.jpg\" data-id=\"10062\" data-rel=\"iLightbox[gallery]\" data-title=\"PREMIOS_ROSA_20\" data-caption=\"\">\n\t\t\t\t\t\tGaler\u00eda\t\t\t\t\t<\/a>\n\t\t\t\t\t\t\t\t\t\t\t\t\t\t\n\t\t\n\t\t\t\t\t\t\t\t\n\t\t\t\t\t\t\t\t\n\t\t\n\t\t\t\t\t\t<a class=\"fusion-link-wrapper\" href=\"https:\/\/feriadeteatro.com\/feria2023\/2024\/04\/19\/la-13o-edicion-de-los-premios-rosa-maria-garcia-cano-abre-su-convocatoria\/\" aria-label=\"LA 13\u00ba EDICI\u00d3N DE LOS PREMIOS ROSA MAR\u00cdA GARC\u00cdA CANO ABRE SU CONVOCATORIA\"><\/a>\n\t<\/div>\n<\/div>\n<\/div>\n<\/li>\n\t\t\t\n\t\t\t\n\t\t\t\t\t\t\t\t\t\t\t\t\t\t\t\t\t\t\t\t\t\t\t\t\t\t\t\t\t\t\t\t\t\t\t\t\t\t\t\t\t\t\t\t\t\t\t\t\t\t\t\t\t\t\t\t\t\t\t\t\t\t\t\t\t\t\t\t<\/ul>\n\t<\/div>\n\t<div class=\"fusion-post-content-wrapper\" style=\"padding:30px 25px 20px 25px;\"><div class=\"fusion-post-content post-content\"><h2 class=\"blog-shortcode-post-title entry-title\"><a href=\"https:\/\/feriadeteatro.com\/feria2023\/2024\/04\/19\/la-13o-edicion-de-los-premios-rosa-maria-garcia-cano-abre-su-convocatoria\/\">LA 13\u00ba EDICI\u00d3N DE LOS PREMIOS ROSA MAR\u00cdA GARC\u00cdA CANO ABRE SU CONVOCATORIA<\/a><\/h2><\/div><\/div><div class=\"fusion-clearfix\"><\/div><\/div>\n<\/article>\n<article id=\"blog-1-post-10052\" class=\"fusion-post-grid post-10052 post type-post status-publish format-standard has-post-thumbnail hentry category-notas-de-prensa category-noticias tag-artesescenicas tag-escuelaruraldeespectadoresyespectadoras tag-feriadeteatro tag-formacion tag-infanciayjuventud tag-ninosyninas tag-publico\">\n<div class=\"fusion-post-wrapper\" style=\"background-color:rgba(255,255,255,0);border:1px solid #ebeaea;border-bottom-width:3px;\">\n\n\t\t\t<div class=\"fusion-flexslider flexslider fusion-flexslider-loading fusion-post-slideshow\" style=\"border-color:#ebeaea;\">\n\t\t<ul class=\"slides\">\n\t\t\t\n\t\t\t\t\t\t\t\t\t\t\t\t\t\t<li><div  class=\"fusion-image-wrapper\" aria-haspopup=\"true\">\n\t\t\t\t<img decoding=\"async\" width=\"2040\" height=\"1536\" data-src=\"https:\/\/feriadeteatro.com\/feria2023\/wp-content\/uploads\/2024\/01\/e7fcd6c2-174a-4917-906e-a354d922ef45.jpg\" class=\"attachment-full size-full wp-post-image lazyload\" alt=\"\" data-srcset=\"https:\/\/feriadeteatro.com\/feria2023\/wp-content\/uploads\/2024\/01\/e7fcd6c2-174a-4917-906e-a354d922ef45-200x151.jpg 200w, https:\/\/feriadeteatro.com\/feria2023\/wp-content\/uploads\/2024\/01\/e7fcd6c2-174a-4917-906e-a354d922ef45-400x301.jpg 400w, https:\/\/feriadeteatro.com\/feria2023\/wp-content\/uploads\/2024\/01\/e7fcd6c2-174a-4917-906e-a354d922ef45-600x452.jpg 600w, https:\/\/feriadeteatro.com\/feria2023\/wp-content\/uploads\/2024\/01\/e7fcd6c2-174a-4917-906e-a354d922ef45-800x602.jpg 800w, https:\/\/feriadeteatro.com\/feria2023\/wp-content\/uploads\/2024\/01\/e7fcd6c2-174a-4917-906e-a354d922ef45-1200x904.jpg 1200w, https:\/\/feriadeteatro.com\/feria2023\/wp-content\/uploads\/2024\/01\/e7fcd6c2-174a-4917-906e-a354d922ef45.jpg 2040w\" data-sizes=\"(min-width: 2200px) 100vw, (min-width: 824px) 377px, (min-width: 732px) 565px, (min-width: 640px) 732px,\" src=\"data:image\/svg+xml;base64,PHN2ZyB3aWR0aD0iMSIgaGVpZ2h0PSIxIiB4bWxucz0iaHR0cDovL3d3dy53My5vcmcvMjAwMC9zdmciPjwvc3ZnPg==\" style=\"--smush-placeholder-width: 2040px; --smush-placeholder-aspect-ratio: 2040\/1536;\" \/><div class=\"fusion-rollover\">\n\t<div class=\"fusion-rollover-content\">\n\n\t\t\t\t\t\t\t\t\t\t\t\t\t\t<a class=\"fusion-rollover-link\" href=\"https:\/\/feriadeteatro.com\/feria2023\/2024\/01\/29\/la-feria-de-teatro-expone-su-experiencia-en-dinamizacion-juvenil-y-formacion-de-publicos-en-el-encuentro-escena-joven-2024-de-pamplona\/\">LA FER\u00cdA DE TEATRO EXPONE SU EXPERIENCIA EN DINAMIZACI\u00d3N JUVENIL Y FORMACI\u00d3N DE P\u00daBLICOS EN EL ENCUENTRO \u201cESCENA JOVEN 2024\u201d DE PAMPLONA.<\/a>\n\t\t\t\n\t\t\t\t\t\t\t\t\t\t\t\t\t\t\n\t\t\t\t\t\t\t\t\n\t\t\t\t\t\t\t\t\t\t\t\t\t<div class=\"fusion-rollover-sep\"><\/div>\n\t\t\t\t\n\t\t\t\t\t\t\t\t\t\t\t\t\t\t\t\t\t\t<a class=\"fusion-rollover-gallery\" href=\"https:\/\/feriadeteatro.com\/feria2023\/wp-content\/uploads\/2024\/01\/e7fcd6c2-174a-4917-906e-a354d922ef45.jpg\" data-id=\"10052\" data-rel=\"iLightbox[gallery]\" data-title=\"e7fcd6c2-174a-4917-906e-a354d922ef45\" data-caption=\"\">\n\t\t\t\t\t\tGaler\u00eda\t\t\t\t\t<\/a>\n\t\t\t\t\t\t\t\t\t\t\t\t\t\t\n\t\t\n\t\t\t\t\t\t\t\t\n\t\t\t\t\t\t\t\t\n\t\t\n\t\t\t\t\t\t<a class=\"fusion-link-wrapper\" href=\"https:\/\/feriadeteatro.com\/feria2023\/2024\/01\/29\/la-feria-de-teatro-expone-su-experiencia-en-dinamizacion-juvenil-y-formacion-de-publicos-en-el-encuentro-escena-joven-2024-de-pamplona\/\" aria-label=\"LA FER\u00cdA DE TEATRO EXPONE SU EXPERIENCIA EN DINAMIZACI\u00d3N JUVENIL Y FORMACI\u00d3N DE P\u00daBLICOS EN EL ENCUENTRO \u201cESCENA JOVEN 2024\u201d DE PAMPLONA.\"><\/a>\n\t<\/div>\n<\/div>\n<\/div>\n<\/li>\n\t\t\t\n\t\t\t\n\t\t\t\t\t\t\t\t\t\t\t\t\t\t\t\t\t\t\t\t\t\t\t\t\t\t\t\t\t\t\t\t\t\t\t\t\t\t\t\t\t\t\t\t\t\t\t\t\t\t\t\t\t\t\t\t\t\t\t\t\t\t\t\t\t\t\t\t<\/ul>\n\t<\/div>\n\t<div class=\"fusion-post-content-wrapper\" style=\"padding:30px 25px 20px 25px;\"><div class=\"fusion-post-content post-content\"><h2 class=\"blog-shortcode-post-title entry-title\"><a href=\"https:\/\/feriadeteatro.com\/feria2023\/2024\/01\/29\/la-feria-de-teatro-expone-su-experiencia-en-dinamizacion-juvenil-y-formacion-de-publicos-en-el-encuentro-escena-joven-2024-de-pamplona\/\">LA FER\u00cdA DE TEATRO EXPONE SU EXPERIENCIA EN DINAMIZACI\u00d3N JUVENIL Y FORMACI\u00d3N DE P\u00daBLICOS EN EL ENCUENTRO \u201cESCENA JOVEN 2024\u201d DE PAMPLONA.<\/a><\/h2><\/div><\/div><div class=\"fusion-clearfix\"><\/div><\/div>\n<\/article>\n<div class=\"fusion-clearfix\"><\/div><\/div><div class=\"pagination clearfix\"><span class=\"current\">1<\/span><a href=\"https:\/\/feriadeteatro.com\/feria2023\/wp-json\/wp\/v2\/pages\/8\/page\/2\/\" class=\"inactive\">2<\/a><a class=\"pagination-next\" rel=\"next\" href=\"https:\/\/feriadeteatro.com\/feria2023\/wp-json\/wp\/v2\/pages\/8\/page\/2\/\"><span class=\"page-text\">Siguiente<\/span><span class=\"page-next\"><\/span><\/a><\/div><div class=\"fusion-clearfix\"><\/div><\/div><\/div><\/div><\/div><\/div><div class=\"fusion-fullwidth fullwidth-box fusion-builder-row-3 fusion-flex-container nonhundred-percent-fullwidth non-hundred-percent-height-scrolling\" style=\"--awb-border-radius-top-left:0px;--awb-border-radius-top-right:0px;--awb-border-radius-bottom-right:0px;--awb-border-radius-bottom-left:0px;--awb-flex-wrap:wrap;\" ><div class=\"fusion-builder-row fusion-row fusion-flex-align-items-flex-start fusion-flex-content-wrap\" style=\"max-width:1216.8px;margin-left: calc(-4% \/ 2 );margin-right: calc(-4% \/ 2 );\"><div class=\"fusion-layout-column fusion_builder_column fusion-builder-column-3 fusion_builder_column_1_1 1_1 fusion-flex-column\" style=\"--awb-bg-size:cover;--awb-width-large:100%;--awb-margin-top-large:0px;--awb-spacing-right-large:1.92%;--awb-margin-bottom-large:0px;--awb-spacing-left-large:1.92%;--awb-width-medium:100%;--awb-spacing-right-medium:1.92%;--awb-spacing-left-medium:1.92%;--awb-width-small:100%;--awb-spacing-right-small:1.92%;--awb-spacing-left-small:1.92%;\"><div class=\"fusion-column-wrapper fusion-flex-justify-content-flex-start fusion-content-layout-column\"><div class=\"fusion-text fusion-text-2\"><h2 style=\"text-align: center;\">26 FERIA DE TEATRO DE CASTILLA Y LE\u00d3N<br \/>\nCIUDAD RODRIGO. 22\/26 AGOSTO. 2023<\/h2>\n<\/div><\/div><\/div><div class=\"fusion-layout-column fusion_builder_column fusion-builder-column-4 fusion_builder_column_1_2 1_2 fusion-flex-column\" style=\"--awb-bg-size:cover;--awb-width-large:50%;--awb-margin-top-large:0px;--awb-spacing-right-large:3.84%;--awb-margin-bottom-large:0px;--awb-spacing-left-large:3.84%;--awb-width-medium:100%;--awb-spacing-right-medium:1.92%;--awb-spacing-left-medium:1.92%;--awb-width-small:100%;--awb-spacing-right-small:1.92%;--awb-spacing-left-small:1.92%;\"><div class=\"fusion-column-wrapper fusion-flex-justify-content-flex-start fusion-content-layout-column\"><div class=\"fusion-separator fusion-full-width-sep\" style=\"align-self: center;margin-left: auto;margin-right: auto;margin-top:30px;width:100%;\"><\/div><div class=\"fusion-image-element \" style=\"--awb-caption-title-font-family:var(--h2_typography-font-family);--awb-caption-title-font-weight:var(--h2_typography-font-weight);--awb-caption-title-font-style:var(--h2_typography-font-style);--awb-caption-title-size:var(--h2_typography-font-size);--awb-caption-title-transform:var(--h2_typography-text-transform);--awb-caption-title-line-height:var(--h2_typography-line-height);--awb-caption-title-letter-spacing:var(--h2_typography-letter-spacing);\"><span class=\" fusion-imageframe imageframe-none imageframe-6 hover-type-none\"><a href=\"https:\/\/feriadeteatro.com\/feria2023\/wp-content\/uploads\/2022\/11\/feria-de-teatro-de-cyl-ciudad-rodirgo.jpg\" class=\"fusion-lightbox\" data-rel=\"iLightbox[b125dcd9abb497f9068]\" data-title=\"feria-de-teatro-de-cyl-ciudad-rodirgo\" title=\"feria-de-teatro-de-cyl-ciudad-rodirgo\"><img decoding=\"async\" width=\"1200\" height=\"797\" data-src=\"https:\/\/feriadeteatro.com\/feria2023\/wp-content\/uploads\/2022\/11\/feria-de-teatro-de-cyl-ciudad-rodirgo.jpg\" alt class=\"img-responsive wp-image-8661 lazyload\" data-srcset=\"https:\/\/feriadeteatro.com\/feria2023\/wp-content\/uploads\/2022\/11\/feria-de-teatro-de-cyl-ciudad-rodirgo-200x133.jpg 200w, https:\/\/feriadeteatro.com\/feria2023\/wp-content\/uploads\/2022\/11\/feria-de-teatro-de-cyl-ciudad-rodirgo-400x266.jpg 400w, https:\/\/feriadeteatro.com\/feria2023\/wp-content\/uploads\/2022\/11\/feria-de-teatro-de-cyl-ciudad-rodirgo-600x399.jpg 600w, https:\/\/feriadeteatro.com\/feria2023\/wp-content\/uploads\/2022\/11\/feria-de-teatro-de-cyl-ciudad-rodirgo-800x531.jpg 800w, https:\/\/feriadeteatro.com\/feria2023\/wp-content\/uploads\/2022\/11\/feria-de-teatro-de-cyl-ciudad-rodirgo.jpg 1200w\" data-sizes=\"(max-width: 1024px) 100vw, (max-width: 640px) 100vw, 600px\" src=\"data:image\/svg+xml;base64,PHN2ZyB3aWR0aD0iMSIgaGVpZ2h0PSIxIiB4bWxucz0iaHR0cDovL3d3dy53My5vcmcvMjAwMC9zdmciPjwvc3ZnPg==\" style=\"--smush-placeholder-width: 1200px; --smush-placeholder-aspect-ratio: 1200\/797;\" \/><\/a><\/span><\/div><\/div><\/div><div class=\"fusion-layout-column fusion_builder_column fusion-builder-column-5 fusion_builder_column_1_2 1_2 fusion-flex-column\" style=\"--awb-bg-size:cover;--awb-width-large:50%;--awb-margin-top-large:0px;--awb-spacing-right-large:3.84%;--awb-margin-bottom-large:0px;--awb-spacing-left-large:3.84%;--awb-width-medium:100%;--awb-spacing-right-medium:1.92%;--awb-spacing-left-medium:1.92%;--awb-width-small:100%;--awb-spacing-right-small:1.92%;--awb-spacing-left-small:1.92%;\"><div class=\"fusion-column-wrapper fusion-flex-justify-content-flex-start fusion-content-layout-column\"><div class=\"fusion-text fusion-text-3\"><h3 style=\"text-align: center;\">LA FERIA DE TEATRO DE CASTILLA Y LE\u00d3N:<br \/>\nHACER GRANDE LO PEQUE\u00d1O<\/h3>\n<h4 style=\"text-align: center;\">La Feria de Teatro de Castilla y Le\u00f3n celebra su 26\u00aa edici\u00f3n<br \/>\ndel 22 al 26 de agosto siempre buscando nuevas complicidades y afrontando nuevos retos.<\/h4>\n<\/div><div class=\"fusion-separator fusion-full-width-sep\" style=\"align-self: center;margin-left: auto;margin-right: auto;margin-top:20px;width:100%;\"><\/div><div class=\"fusion-text fusion-text-4\"><p style=\"text-align: justify;\">Las Ferias de Teatro en nuestro pa\u00eds, se est\u00e1n convirtiendo cada vez de una forma m\u00e1s acentuada, en puntos de encuentro para la profesi\u00f3n, en momentos imprescindibles donde poder dialogar, conocer, intercambiar, descubrir, promocionar, y por supuesto comercializar espect\u00e1culos de artes esc\u00e9nicas. Ciudad Rodrigo se convierte cada a\u00f1o en un espacio de encuentro imprescindible para compradores y vendedores, ofreciendo la posibilidad de conocer en vivo y de forma presencial cuarenta espect\u00e1culos a lo largo de poco m\u00e1s de cuatro d\u00edas, en un evento comercial en el que cada edici\u00f3n se acreditan m\u00e1s de doscientas entidades profesionales distintas.<\/p>\n<\/div><\/div><\/div><div class=\"fusion-layout-column fusion_builder_column fusion-builder-column-6 fusion_builder_column_1_1 1_1 fusion-flex-column\" style=\"--awb-bg-size:cover;--awb-width-large:100%;--awb-margin-top-large:0px;--awb-spacing-right-large:1.92%;--awb-margin-bottom-large:0px;--awb-spacing-left-large:1.92%;--awb-width-medium:100%;--awb-spacing-right-medium:1.92%;--awb-spacing-left-medium:1.92%;--awb-width-small:100%;--awb-spacing-right-small:1.92%;--awb-spacing-left-small:1.92%;\"><div class=\"fusion-column-wrapper fusion-flex-justify-content-flex-start fusion-content-layout-column\"><div class=\"fusion-separator fusion-full-width-sep\" style=\"align-self: center;margin-left: auto;margin-right: auto;margin-top:20px;width:100%;\"><\/div><div class=\"fusion-text fusion-text-5\"><p style=\"text-align: justify;\">La Feria de Teatro de Castilla y Le\u00f3n se ha configurado como un proyecto cultural s\u00f3lido, acreditado y rentable, que atesora una programaci\u00f3n de car\u00e1cter multidisciplinar, en la que tienen cabida todos los formatos y g\u00e9neros esc\u00e9nicos, para todo tipo de p\u00fablicos y en diversos espacios. La programaci\u00f3n, con especial atenci\u00f3n a las producciones del Occidente Peninsular, se desarrolla en una docena de espacios diferentes<br \/>\nTalento creativo, riesgo en la exhibici\u00f3n y mercado profesional esc\u00e9nico conforman una terna fundamental para el sector, realizando una selecci\u00f3n de espect\u00e1culos marcada por la calidad, la novedad y la pertinencia social de los espect\u00e1culos. La variedad y la diversidad por tanto, tanto creativa como de mercado, son una de las principales caracter\u00edsticas de esta Feria de Artes Esc\u00e9nicas.<\/p>\n<p style=\"text-align: justify;\">La Consejer\u00eda de Cultura y Turismo de la Junta de Castilla y Le\u00f3n promueve la organizaci\u00f3n de la Feria de Teatro en alianza con el Ayuntamiento de Ciudad Rodrigo, la Diputaci\u00f3n Provincial de Salamanca y la Asociaci\u00f3n C\u00edvitas; perseverando en las estrategias de promoci\u00f3n de las artes esc\u00e9nicas del Occidente peninsular. La Feria aporta energ\u00eda a la dinamizaci\u00f3n del tejido esc\u00e9nico de la pen\u00ednsula Ib\u00e9rica y contribuye a revalorizar todo el territorio de Castilla y Le\u00f3n.<\/p>\n<p><strong>\u00a1La 26\u00aa Feria de Teatro os espera!<\/strong><\/p>\n<\/div><\/div><\/div><\/div><\/div><\/p>\n","protected":false},"excerpt":{"rendered":"","protected":false},"author":1,"featured_media":0,"parent":0,"menu_order":0,"comment_status":"closed","ping_status":"closed","template":"100-width.php","meta":{"footnotes":""},"class_list":["post-8","page","type-page","status-publish","hentry"],"_links":{"self":[{"href":"https:\/\/feriadeteatro.com\/feria2023\/wp-json\/wp\/v2\/pages\/8","targetHints":{"allow":["GET"]}}],"collection":[{"href":"https:\/\/feriadeteatro.com\/feria2023\/wp-json\/wp\/v2\/pages"}],"about":[{"href":"https:\/\/feriadeteatro.com\/feria2023\/wp-json\/wp\/v2\/types\/page"}],"author":[{"embeddable":true,"href":"https:\/\/feriadeteatro.com\/feria2023\/wp-json\/wp\/v2\/users\/1"}],"replies":[{"embeddable":true,"href":"https:\/\/feriadeteatro.com\/feria2023\/wp-json\/wp\/v2\/comments?post=8"}],"version-history":[{"count":95,"href":"https:\/\/feriadeteatro.com\/feria2023\/wp-json\/wp\/v2\/pages\/8\/revisions"}],"predecessor-version":[{"id":10000,"href":"https:\/\/feriadeteatro.com\/feria2023\/wp-json\/wp\/v2\/pages\/8\/revisions\/10000"}],"wp:attachment":[{"href":"https:\/\/feriadeteatro.com\/feria2023\/wp-json\/wp\/v2\/media?parent=8"}],"curies":[{"name":"wp","href":"https:\/\/api.w.org\/{rel}","templated":true}]}}