{"id":8435,"date":"2022-08-29T12:06:19","date_gmt":"2022-08-29T12:06:19","guid":{"rendered":"https:\/\/feriadeteatro.com\/feria2023\/?page_id=8435"},"modified":"2023-08-29T14:36:13","modified_gmt":"2023-08-29T14:36:13","slug":"premios-del-publico-de-la-26-feria","status":"publish","type":"page","link":"https:\/\/feriadeteatro.com\/feria2023\/premios-del-publico-de-la-26-feria\/","title":{"rendered":"Premios del P\u00fablico de la 26 Feria"},"content":{"rendered":"<p><div class=\"fusion-fullwidth fullwidth-box fusion-builder-row-1 fusion-flex-container nonhundred-percent-fullwidth non-hundred-percent-height-scrolling\" style=\"--awb-border-radius-top-left:0px;--awb-border-radius-top-right:0px;--awb-border-radius-bottom-right:0px;--awb-border-radius-bottom-left:0px;--awb-padding-top:20px;--awb-padding-right:10px;--awb-padding-bottom:20px;--awb-padding-left:10px;--awb-margin-top:-20px;--awb-margin-bottom:0px;--awb-background-color:#dddddd;--awb-flex-wrap:wrap;\" ><div class=\"fusion-builder-row fusion-row fusion-flex-align-items-flex-start fusion-flex-content-wrap\" style=\"max-width:1216.8px;margin-left: calc(-4% \/ 2 );margin-right: calc(-4% \/ 2 );\"><div class=\"fusion-layout-column fusion_builder_column fusion-builder-column-0 fusion_builder_column_1_1 1_1 fusion-flex-column\" style=\"--awb-bg-size:cover;--awb-width-large:100%;--awb-margin-top-large:0px;--awb-spacing-right-large:1.92%;--awb-margin-bottom-large:0px;--awb-spacing-left-large:1.92%;--awb-width-medium:100%;--awb-spacing-right-medium:1.92%;--awb-spacing-left-medium:1.92%;--awb-width-small:100%;--awb-spacing-right-small:1.92%;--awb-spacing-left-small:1.92%;\"><div class=\"fusion-column-wrapper fusion-column-has-shadow fusion-flex-justify-content-center fusion-content-layout-column\"><div class=\"fusion-title title fusion-title-1 fusion-title-text fusion-title-size-three\"><div class=\"title-sep-container title-sep-container-left fusion-no-large-visibility fusion-no-medium-visibility fusion-no-small-visibility\"><div class=\"title-sep sep-single sep-dashed\" style=\"border-color:#f46f72;\"><\/div><\/div><span class=\"awb-title-spacer fusion-no-large-visibility fusion-no-medium-visibility fusion-no-small-visibility\"><\/span><h3 class=\"fusion-title-heading title-heading-left\" style=\"margin:0;\"><h3>Premios<\/h3><\/h3><span class=\"awb-title-spacer\"><\/span><div class=\"title-sep-container title-sep-container-right\"><div class=\"title-sep sep-single sep-dashed\" style=\"border-color:#f46f72;\"><\/div><\/div><\/div><\/div><\/div><div class=\"fusion-layout-column fusion_builder_column fusion-builder-column-1 fusion_builder_column_1_5 1_5 fusion-flex-column\" style=\"--awb-bg-size:cover;--awb-width-large:20%;--awb-margin-top-large:0px;--awb-spacing-right-large:9.6%;--awb-margin-bottom-large:0px;--awb-spacing-left-large:9.6%;--awb-width-medium:100%;--awb-spacing-right-medium:1.92%;--awb-spacing-left-medium:1.92%;--awb-width-small:100%;--awb-spacing-right-small:1.92%;--awb-spacing-left-small:1.92%;\"><div class=\"fusion-column-wrapper fusion-column-has-shadow fusion-flex-justify-content-center fusion-content-layout-column\"><div class=\"fusion-image-element \" style=\"text-align:center;--awb-caption-title-font-family:var(--h2_typography-font-family);--awb-caption-title-font-weight:var(--h2_typography-font-weight);--awb-caption-title-font-style:var(--h2_typography-font-style);--awb-caption-title-size:var(--h2_typography-font-size);--awb-caption-title-transform:var(--h2_typography-text-transform);--awb-caption-title-line-height:var(--h2_typography-line-height);--awb-caption-title-letter-spacing:var(--h2_typography-letter-spacing);\"><span class=\" fusion-imageframe imageframe-none imageframe-1 hover-type-none\"><a class=\"fusion-no-lightbox\" href=\"https:\/\/feriadeteatro.com\/feria2023\/premios-del-publico-de-la-26-feria\/\" target=\"_self\" aria-label=\"boton-premios2023\"><img decoding=\"async\" width=\"400\" height=\"400\" data-src=\"https:\/\/feriadeteatro.com\/feria2023\/wp-content\/uploads\/2023\/08\/boton-premios2023.jpg\" alt class=\"img-responsive wp-image-9996 lazyload\" data-srcset=\"https:\/\/feriadeteatro.com\/feria2023\/wp-content\/uploads\/2023\/08\/boton-premios2023-200x200.jpg 200w, https:\/\/feriadeteatro.com\/feria2023\/wp-content\/uploads\/2023\/08\/boton-premios2023.jpg 400w\" data-sizes=\"(max-width: 1024px) 100vw, (max-width: 640px) 100vw, 200px\" src=\"data:image\/svg+xml;base64,PHN2ZyB3aWR0aD0iMSIgaGVpZ2h0PSIxIiB4bWxucz0iaHR0cDovL3d3dy53My5vcmcvMjAwMC9zdmciPjwvc3ZnPg==\" style=\"--smush-placeholder-width: 400px; --smush-placeholder-aspect-ratio: 400\/400;\" \/><\/a><\/span><\/div><\/div><\/div><div class=\"fusion-layout-column fusion_builder_column fusion-builder-column-2 fusion_builder_column_1_5 1_5 fusion-flex-column\" style=\"--awb-bg-size:cover;--awb-width-large:20%;--awb-margin-top-large:0px;--awb-spacing-right-large:9.6%;--awb-margin-bottom-large:0px;--awb-spacing-left-large:9.6%;--awb-width-medium:100%;--awb-spacing-right-medium:1.92%;--awb-spacing-left-medium:1.92%;--awb-width-small:100%;--awb-spacing-right-small:1.92%;--awb-spacing-left-small:1.92%;\"><div class=\"fusion-column-wrapper fusion-column-has-shadow fusion-flex-justify-content-center fusion-content-layout-column\"><div class=\"fusion-image-element \" style=\"text-align:center;--awb-caption-title-font-family:var(--h2_typography-font-family);--awb-caption-title-font-weight:var(--h2_typography-font-weight);--awb-caption-title-font-style:var(--h2_typography-font-style);--awb-caption-title-size:var(--h2_typography-font-size);--awb-caption-title-transform:var(--h2_typography-text-transform);--awb-caption-title-line-height:var(--h2_typography-line-height);--awb-caption-title-letter-spacing:var(--h2_typography-letter-spacing);\"><span class=\" fusion-imageframe imageframe-none imageframe-2 hover-type-none\"><a class=\"fusion-no-lightbox\" href=\"https:\/\/feriadeteatro.com\/feria2023\/premios-recibidos-por-la-feria\/\" target=\"_self\" aria-label=\"botonPremiosRecibidos\"><img decoding=\"async\" width=\"400\" height=\"400\" data-src=\"https:\/\/feriadeteatro.com\/feria2023\/wp-content\/uploads\/2021\/12\/botonPremiosRecibidos.jpg\" alt class=\"img-responsive wp-image-6957 lazyload\" data-srcset=\"https:\/\/feriadeteatro.com\/feria2023\/wp-content\/uploads\/2021\/12\/botonPremiosRecibidos-200x200.jpg 200w, https:\/\/feriadeteatro.com\/feria2023\/wp-content\/uploads\/2021\/12\/botonPremiosRecibidos.jpg 400w\" data-sizes=\"(max-width: 1024px) 100vw, (max-width: 640px) 100vw, 200px\" src=\"data:image\/svg+xml;base64,PHN2ZyB3aWR0aD0iMSIgaGVpZ2h0PSIxIiB4bWxucz0iaHR0cDovL3d3dy53My5vcmcvMjAwMC9zdmciPjwvc3ZnPg==\" style=\"--smush-placeholder-width: 400px; --smush-placeholder-aspect-ratio: 400\/400;\" \/><\/a><\/span><\/div><\/div><\/div><div class=\"fusion-layout-column fusion_builder_column fusion-builder-column-3 fusion_builder_column_1_5 1_5 fusion-flex-column\" style=\"--awb-bg-size:cover;--awb-width-large:20%;--awb-margin-top-large:0px;--awb-spacing-right-large:9.6%;--awb-margin-bottom-large:0px;--awb-spacing-left-large:9.6%;--awb-width-medium:100%;--awb-spacing-right-medium:1.92%;--awb-spacing-left-medium:1.92%;--awb-width-small:100%;--awb-spacing-right-small:1.92%;--awb-spacing-left-small:1.92%;\"><div class=\"fusion-column-wrapper fusion-column-has-shadow fusion-flex-justify-content-center fusion-content-layout-column\"><div class=\"fusion-image-element \" style=\"text-align:center;--awb-caption-title-font-family:var(--h2_typography-font-family);--awb-caption-title-font-weight:var(--h2_typography-font-weight);--awb-caption-title-font-style:var(--h2_typography-font-style);--awb-caption-title-size:var(--h2_typography-font-size);--awb-caption-title-transform:var(--h2_typography-text-transform);--awb-caption-title-line-height:var(--h2_typography-line-height);--awb-caption-title-letter-spacing:var(--h2_typography-letter-spacing);\"><span class=\" fusion-imageframe imageframe-none imageframe-3 hover-type-none\"><a class=\"fusion-no-lightbox\" href=\"https:\/\/feriadeteatro.com\/feria2023\/premios-rosa-maria-garcia-cano\/\" target=\"_self\" aria-label=\"botonPremiosRosa\"><img decoding=\"async\" width=\"400\" height=\"400\" data-src=\"https:\/\/feriadeteatro.com\/feria2023\/wp-content\/uploads\/2021\/12\/botonPremiosRosa.jpg\" alt class=\"img-responsive wp-image-6959 lazyload\" data-srcset=\"https:\/\/feriadeteatro.com\/feria2023\/wp-content\/uploads\/2021\/12\/botonPremiosRosa-200x200.jpg 200w, https:\/\/feriadeteatro.com\/feria2023\/wp-content\/uploads\/2021\/12\/botonPremiosRosa.jpg 400w\" data-sizes=\"(max-width: 1024px) 100vw, (max-width: 640px) 100vw, 200px\" src=\"data:image\/svg+xml;base64,PHN2ZyB3aWR0aD0iMSIgaGVpZ2h0PSIxIiB4bWxucz0iaHR0cDovL3d3dy53My5vcmcvMjAwMC9zdmciPjwvc3ZnPg==\" style=\"--smush-placeholder-width: 400px; --smush-placeholder-aspect-ratio: 400\/400;\" \/><\/a><\/span><\/div><\/div><\/div><div class=\"fusion-layout-column fusion_builder_column fusion-builder-column-4 fusion_builder_column_1_5 1_5 fusion-flex-column\" style=\"--awb-bg-size:cover;--awb-width-large:20%;--awb-margin-top-large:0px;--awb-spacing-right-large:9.6%;--awb-margin-bottom-large:0px;--awb-spacing-left-large:9.6%;--awb-width-medium:100%;--awb-spacing-right-medium:1.92%;--awb-spacing-left-medium:1.92%;--awb-width-small:100%;--awb-spacing-right-small:1.92%;--awb-spacing-left-small:1.92%;\"><div class=\"fusion-column-wrapper fusion-column-has-shadow fusion-flex-justify-content-center fusion-content-layout-column\"><div class=\"fusion-image-element \" style=\"text-align:center;--awb-caption-title-font-family:var(--h2_typography-font-family);--awb-caption-title-font-weight:var(--h2_typography-font-weight);--awb-caption-title-font-style:var(--h2_typography-font-style);--awb-caption-title-size:var(--h2_typography-font-size);--awb-caption-title-transform:var(--h2_typography-text-transform);--awb-caption-title-line-height:var(--h2_typography-line-height);--awb-caption-title-letter-spacing:var(--h2_typography-letter-spacing);\"><span class=\" fusion-imageframe imageframe-none imageframe-4 hover-type-none\"><a class=\"fusion-no-lightbox\" href=\"https:\/\/feriadeteatro.com\/feria2023\/premios-provincia-a-escena\" target=\"_self\" aria-label=\"botonPremiosProvinciaaEscena\"><img decoding=\"async\" width=\"400\" height=\"400\" data-src=\"https:\/\/feriadeteatro.com\/feria2023\/wp-content\/uploads\/2023\/09\/botonPremiosProvinciaaEscena.jpg\" alt class=\"img-responsive wp-image-10008 lazyload\" data-srcset=\"https:\/\/feriadeteatro.com\/feria2023\/wp-content\/uploads\/2023\/09\/botonPremiosProvinciaaEscena-200x200.jpg 200w, https:\/\/feriadeteatro.com\/feria2023\/wp-content\/uploads\/2023\/09\/botonPremiosProvinciaaEscena.jpg 400w\" data-sizes=\"(max-width: 1024px) 100vw, (max-width: 640px) 100vw, 200px\" src=\"data:image\/svg+xml;base64,PHN2ZyB3aWR0aD0iMSIgaGVpZ2h0PSIxIiB4bWxucz0iaHR0cDovL3d3dy53My5vcmcvMjAwMC9zdmciPjwvc3ZnPg==\" style=\"--smush-placeholder-width: 400px; --smush-placeholder-aspect-ratio: 400\/400;\" \/><\/a><\/span><\/div><\/div><\/div><div class=\"fusion-layout-column fusion_builder_column fusion-builder-column-5 fusion_builder_column_1_5 1_5 fusion-flex-column\" style=\"--awb-bg-size:cover;--awb-width-large:20%;--awb-margin-top-large:0px;--awb-spacing-right-large:9.6%;--awb-margin-bottom-large:0px;--awb-spacing-left-large:9.6%;--awb-width-medium:100%;--awb-spacing-right-medium:1.92%;--awb-spacing-left-medium:1.92%;--awb-width-small:100%;--awb-spacing-right-small:1.92%;--awb-spacing-left-small:1.92%;\"><div class=\"fusion-column-wrapper fusion-column-has-shadow fusion-flex-justify-content-center fusion-content-layout-column\"><div class=\"fusion-image-element \" style=\"text-align:center;--awb-caption-title-font-family:var(--h2_typography-font-family);--awb-caption-title-font-weight:var(--h2_typography-font-weight);--awb-caption-title-font-style:var(--h2_typography-font-style);--awb-caption-title-size:var(--h2_typography-font-size);--awb-caption-title-transform:var(--h2_typography-text-transform);--awb-caption-title-line-height:var(--h2_typography-line-height);--awb-caption-title-letter-spacing:var(--h2_typography-letter-spacing);\"><span class=\" fusion-imageframe imageframe-none imageframe-5 hover-type-none\"><a class=\"fusion-no-lightbox\" href=\"https:\/\/feriadeteatro.com\/feria2023\/premio-arca-2023\" target=\"_self\" aria-label=\"botonPremiosArca\"><img decoding=\"async\" width=\"400\" height=\"400\" data-src=\"https:\/\/feriadeteatro.com\/feria2023\/wp-content\/uploads\/2023\/09\/botonPremiosArca.jpg\" alt class=\"img-responsive wp-image-10009 lazyload\" data-srcset=\"https:\/\/feriadeteatro.com\/feria2023\/wp-content\/uploads\/2023\/09\/botonPremiosArca-200x200.jpg 200w, https:\/\/feriadeteatro.com\/feria2023\/wp-content\/uploads\/2023\/09\/botonPremiosArca.jpg 400w\" data-sizes=\"(max-width: 1024px) 100vw, (max-width: 640px) 100vw, 200px\" src=\"data:image\/svg+xml;base64,PHN2ZyB3aWR0aD0iMSIgaGVpZ2h0PSIxIiB4bWxucz0iaHR0cDovL3d3dy53My5vcmcvMjAwMC9zdmciPjwvc3ZnPg==\" style=\"--smush-placeholder-width: 400px; --smush-placeholder-aspect-ratio: 400\/400;\" \/><\/a><\/span><\/div><\/div><\/div><\/div><\/div>\n<div class=\"fusion-fullwidth fullwidth-box fusion-builder-row-2 fusion-flex-container nonhundred-percent-fullwidth non-hundred-percent-height-scrolling\" style=\"--awb-border-radius-top-left:0px;--awb-border-radius-top-right:0px;--awb-border-radius-bottom-right:0px;--awb-border-radius-bottom-left:0px;--awb-flex-wrap:wrap;\" ><div class=\"fusion-builder-row fusion-row fusion-flex-align-items-flex-start fusion-flex-content-wrap\" style=\"max-width:1216.8px;margin-left: calc(-4% \/ 2 );margin-right: calc(-4% \/ 2 );\"><div class=\"fusion-layout-column fusion_builder_column fusion-builder-column-6 fusion_builder_column_1_1 1_1 fusion-flex-column\" style=\"--awb-bg-size:cover;--awb-width-large:100%;--awb-margin-top-large:0px;--awb-spacing-right-large:1.92%;--awb-margin-bottom-large:0px;--awb-spacing-left-large:1.92%;--awb-width-medium:100%;--awb-spacing-right-medium:1.92%;--awb-spacing-left-medium:1.92%;--awb-width-small:100%;--awb-spacing-right-small:1.92%;--awb-spacing-left-small:1.92%;\"><div class=\"fusion-column-wrapper fusion-column-has-shadow fusion-flex-justify-content-flex-start fusion-content-layout-column\"><div class=\"fusion-separator fusion-full-width-sep\" style=\"align-self: center;margin-left: auto;margin-right: auto;margin-top:20px;margin-bottom:20px;width:100%;\"><\/div><div class=\"fusion-text fusion-text-1\"><h3 style=\"text-align: center;\">Premios del P\u00fablico de la 26 Feria de Teatro<br \/>\nde Castilla y Le\u00f3n &#8211; Ciudad Rodrigo<\/h3>\n<\/div><div class=\"fusion-separator fusion-full-width-sep\" style=\"align-self: center;margin-left: auto;margin-right: auto;margin-top:20px;margin-bottom:20px;width:100%;\"><\/div><\/div><\/div><\/div><\/div><div class=\"fusion-fullwidth fullwidth-box fusion-builder-row-3 fusion-flex-container nonhundred-percent-fullwidth non-hundred-percent-height-scrolling\" style=\"--awb-border-radius-top-left:0px;--awb-border-radius-top-right:0px;--awb-border-radius-bottom-right:0px;--awb-border-radius-bottom-left:0px;--awb-flex-wrap:wrap;\" ><div class=\"fusion-builder-row fusion-row fusion-flex-align-items-flex-start fusion-flex-content-wrap\" style=\"max-width:1216.8px;margin-left: calc(-4% \/ 2 );margin-right: calc(-4% \/ 2 );\"><div class=\"fusion-layout-column fusion_builder_column fusion-builder-column-7 fusion_builder_column_1_3 1_3 fusion-flex-column\" style=\"--awb-bg-size:cover;--awb-width-large:33.333333333333%;--awb-margin-top-large:0px;--awb-spacing-right-large:5.76%;--awb-margin-bottom-large:0px;--awb-spacing-left-large:5.76%;--awb-width-medium:100%;--awb-spacing-right-medium:1.92%;--awb-spacing-left-medium:1.92%;--awb-width-small:100%;--awb-spacing-right-small:1.92%;--awb-spacing-left-small:1.92%;\"><div class=\"fusion-column-wrapper fusion-column-has-shadow fusion-flex-justify-content-flex-start fusion-content-layout-column\"><div class=\"fusion-image-element \" style=\"--awb-caption-title-font-family:var(--h2_typography-font-family);--awb-caption-title-font-weight:var(--h2_typography-font-weight);--awb-caption-title-font-style:var(--h2_typography-font-style);--awb-caption-title-size:var(--h2_typography-font-size);--awb-caption-title-transform:var(--h2_typography-text-transform);--awb-caption-title-line-height:var(--h2_typography-line-height);--awb-caption-title-letter-spacing:var(--h2_typography-letter-spacing);\"><span class=\" fusion-imageframe imageframe-none imageframe-6 hover-type-none\"><a href=\"https:\/\/feriadeteatro.com\/feria2023\/wp-content\/uploads\/2022\/08\/CORACAO_03-scaled-1.jpg\" class=\"fusion-lightbox\" data-rel=\"iLightbox[c7726b486670462eb9b]\" data-title=\"CORACAO_03-scaled\" title=\"DAVID VENTO_15\"><img decoding=\"async\" width=\"1024\" height=\"697\" data-src=\"https:\/\/feriadeteatro.com\/feria2023\/wp-content\/uploads\/2023\/08\/DAVID-VENTO_15-1024x697.jpg\" alt class=\"img-responsive wp-image-9471 lazyload\" data-srcset=\"https:\/\/feriadeteatro.com\/feria2023\/wp-content\/uploads\/2023\/08\/DAVID-VENTO_15-200x136.jpg 200w, https:\/\/feriadeteatro.com\/feria2023\/wp-content\/uploads\/2023\/08\/DAVID-VENTO_15-400x272.jpg 400w, https:\/\/feriadeteatro.com\/feria2023\/wp-content\/uploads\/2023\/08\/DAVID-VENTO_15-600x408.jpg 600w, https:\/\/feriadeteatro.com\/feria2023\/wp-content\/uploads\/2023\/08\/DAVID-VENTO_15-800x545.jpg 800w, https:\/\/feriadeteatro.com\/feria2023\/wp-content\/uploads\/2023\/08\/DAVID-VENTO_15-1200x817.jpg 1200w, https:\/\/feriadeteatro.com\/feria2023\/wp-content\/uploads\/2023\/08\/DAVID-VENTO_15.jpg 1500w\" data-sizes=\"(max-width: 1024px) 100vw, (max-width: 640px) 100vw, 400px\" src=\"data:image\/svg+xml;base64,PHN2ZyB3aWR0aD0iMSIgaGVpZ2h0PSIxIiB4bWxucz0iaHR0cDovL3d3dy53My5vcmcvMjAwMC9zdmciPjwvc3ZnPg==\" style=\"--smush-placeholder-width: 1024px; --smush-placeholder-aspect-ratio: 1024\/697;\" \/><\/a><\/span><\/div><div class=\"fusion-separator fusion-full-width-sep\" style=\"align-self: center;margin-left: auto;margin-right: auto;margin-top:20px;margin-bottom:20px;width:100%;\"><\/div><div class=\"fusion-text fusion-text-2\"><p>Menci\u00f3n especial del p\u00fablico al MEJOR ESPECT\u00c1CULO DE CALLE: <strong>DAVID VENTO DANCE THEATER <\/strong>con<strong> \u00abDe Neanderthal a Sapiens\u00bb<\/strong><\/p>\n<\/div><\/div><\/div><div class=\"fusion-layout-column fusion_builder_column fusion-builder-column-8 fusion_builder_column_1_3 1_3 fusion-flex-column\" style=\"--awb-bg-size:cover;--awb-width-large:33.333333333333%;--awb-margin-top-large:0px;--awb-spacing-right-large:5.76%;--awb-margin-bottom-large:0px;--awb-spacing-left-large:5.76%;--awb-width-medium:100%;--awb-spacing-right-medium:1.92%;--awb-spacing-left-medium:1.92%;--awb-width-small:100%;--awb-spacing-right-small:1.92%;--awb-spacing-left-small:1.92%;\"><div class=\"fusion-column-wrapper fusion-column-has-shadow fusion-flex-justify-content-flex-start fusion-content-layout-column\"><div class=\"fusion-image-element \" style=\"--awb-caption-title-font-family:var(--h2_typography-font-family);--awb-caption-title-font-weight:var(--h2_typography-font-weight);--awb-caption-title-font-style:var(--h2_typography-font-style);--awb-caption-title-size:var(--h2_typography-font-size);--awb-caption-title-transform:var(--h2_typography-text-transform);--awb-caption-title-line-height:var(--h2_typography-line-height);--awb-caption-title-letter-spacing:var(--h2_typography-letter-spacing);\"><span class=\" fusion-imageframe imageframe-none imageframe-7 hover-type-none\"><a href=\"https:\/\/feriadeteatro.com\/feria2023\/wp-content\/uploads\/2022\/08\/LAS-QUE-LIMPIAN_10-scaled-1.jpg\" class=\"fusion-lightbox\" data-rel=\"iLightbox[9c564b1e2453d381a80]\" data-title=\"LAS-QUE-LIMPIAN_10-scaled\" title=\"LOM IMPREBIS_08\"><img decoding=\"async\" width=\"1024\" height=\"712\" data-src=\"https:\/\/feriadeteatro.com\/feria2023\/wp-content\/uploads\/2023\/08\/LOM-IMPREBIS_08-1024x712.jpg\" alt class=\"img-responsive wp-image-9727 lazyload\" data-srcset=\"https:\/\/feriadeteatro.com\/feria2023\/wp-content\/uploads\/2023\/08\/LOM-IMPREBIS_08-200x139.jpg 200w, https:\/\/feriadeteatro.com\/feria2023\/wp-content\/uploads\/2023\/08\/LOM-IMPREBIS_08-400x278.jpg 400w, https:\/\/feriadeteatro.com\/feria2023\/wp-content\/uploads\/2023\/08\/LOM-IMPREBIS_08-600x417.jpg 600w, https:\/\/feriadeteatro.com\/feria2023\/wp-content\/uploads\/2023\/08\/LOM-IMPREBIS_08-800x556.jpg 800w, https:\/\/feriadeteatro.com\/feria2023\/wp-content\/uploads\/2023\/08\/LOM-IMPREBIS_08-1200x834.jpg 1200w, https:\/\/feriadeteatro.com\/feria2023\/wp-content\/uploads\/2023\/08\/LOM-IMPREBIS_08.jpg 1500w\" data-sizes=\"(max-width: 1024px) 100vw, (max-width: 640px) 100vw, 400px\" src=\"data:image\/svg+xml;base64,PHN2ZyB3aWR0aD0iMSIgaGVpZ2h0PSIxIiB4bWxucz0iaHR0cDovL3d3dy53My5vcmcvMjAwMC9zdmciPjwvc3ZnPg==\" style=\"--smush-placeholder-width: 1024px; --smush-placeholder-aspect-ratio: 1024\/712;\" \/><\/a><\/span><\/div><div class=\"fusion-separator fusion-full-width-sep\" style=\"align-self: center;margin-left: auto;margin-right: auto;margin-top:20px;margin-bottom:20px;width:100%;\"><\/div><div class=\"fusion-text fusion-text-3\"><p>Menci\u00f3n especial del p\u00fablico al MEJOR ESPECT\u00c1CULO DE SALA: <strong>L\u00b4OM IMPREBIS<\/strong>\u00a0con <strong>\u00abHoy no estrenamos\u00bb<\/strong><\/p>\n<\/div><\/div><\/div><div class=\"fusion-layout-column fusion_builder_column fusion-builder-column-9 fusion_builder_column_1_3 1_3 fusion-flex-column\" style=\"--awb-bg-size:cover;--awb-width-large:33.333333333333%;--awb-margin-top-large:0px;--awb-spacing-right-large:5.76%;--awb-margin-bottom-large:0px;--awb-spacing-left-large:5.76%;--awb-width-medium:100%;--awb-spacing-right-medium:1.92%;--awb-spacing-left-medium:1.92%;--awb-width-small:100%;--awb-spacing-right-small:1.92%;--awb-spacing-left-small:1.92%;\"><div class=\"fusion-column-wrapper fusion-column-has-shadow fusion-flex-justify-content-flex-start fusion-content-layout-column\"><div class=\"fusion-image-element \" style=\"--awb-caption-title-font-family:var(--h2_typography-font-family);--awb-caption-title-font-weight:var(--h2_typography-font-weight);--awb-caption-title-font-style:var(--h2_typography-font-style);--awb-caption-title-size:var(--h2_typography-font-size);--awb-caption-title-transform:var(--h2_typography-text-transform);--awb-caption-title-line-height:var(--h2_typography-line-height);--awb-caption-title-letter-spacing:var(--h2_typography-letter-spacing);\"><span class=\" fusion-imageframe imageframe-none imageframe-8 hover-type-none\"><a href=\"https:\/\/feriadeteatro.com\/feria2023\/wp-content\/uploads\/2022\/08\/LA-MAQUINE-_14-scaled-1.jpg\" class=\"fusion-lightbox\" data-rel=\"iLightbox[5b416ec71ebf0f4f82e]\" data-title=\"LA-MAQUINE-_14-scaled\" title=\"MARCEL GROS_08\"><img decoding=\"async\" width=\"1024\" height=\"712\" data-src=\"https:\/\/feriadeteatro.com\/feria2023\/wp-content\/uploads\/2023\/08\/MARCEL-GROS_08-1024x712.jpg\" alt class=\"img-responsive wp-image-9782 lazyload\" data-srcset=\"https:\/\/feriadeteatro.com\/feria2023\/wp-content\/uploads\/2023\/08\/MARCEL-GROS_08-200x139.jpg 200w, https:\/\/feriadeteatro.com\/feria2023\/wp-content\/uploads\/2023\/08\/MARCEL-GROS_08-400x278.jpg 400w, https:\/\/feriadeteatro.com\/feria2023\/wp-content\/uploads\/2023\/08\/MARCEL-GROS_08-600x417.jpg 600w, https:\/\/feriadeteatro.com\/feria2023\/wp-content\/uploads\/2023\/08\/MARCEL-GROS_08-800x556.jpg 800w, https:\/\/feriadeteatro.com\/feria2023\/wp-content\/uploads\/2023\/08\/MARCEL-GROS_08-1200x834.jpg 1200w, https:\/\/feriadeteatro.com\/feria2023\/wp-content\/uploads\/2023\/08\/MARCEL-GROS_08.jpg 1500w\" data-sizes=\"(max-width: 1024px) 100vw, (max-width: 640px) 100vw, 400px\" src=\"data:image\/svg+xml;base64,PHN2ZyB3aWR0aD0iMSIgaGVpZ2h0PSIxIiB4bWxucz0iaHR0cDovL3d3dy53My5vcmcvMjAwMC9zdmciPjwvc3ZnPg==\" style=\"--smush-placeholder-width: 1024px; --smush-placeholder-aspect-ratio: 1024\/712;\" \/><\/a><\/span><\/div><div class=\"fusion-separator fusion-full-width-sep\" style=\"align-self: center;margin-left: auto;margin-right: auto;margin-top:20px;margin-bottom:20px;width:100%;\"><\/div><div class=\"fusion-text fusion-text-4\"><p>Menci\u00f3n especial del p\u00fablico al MEJOR ESPECT\u00c1CULO INFANTIL\/FAMILIAR: <strong>MARCEL GROS<\/strong>\u00a0con <strong>\u00abMi peque\u00f1o Universo\u00bb<\/strong><\/p>\n<\/div><\/div><\/div><\/div><\/div><\/p>\n","protected":false},"excerpt":{"rendered":"","protected":false},"author":1,"featured_media":0,"parent":0,"menu_order":0,"comment_status":"closed","ping_status":"closed","template":"","meta":{"footnotes":""},"class_list":["post-8435","page","type-page","status-publish","hentry"],"_links":{"self":[{"href":"https:\/\/feriadeteatro.com\/feria2023\/wp-json\/wp\/v2\/pages\/8435","targetHints":{"allow":["GET"]}}],"collection":[{"href":"https:\/\/feriadeteatro.com\/feria2023\/wp-json\/wp\/v2\/pages"}],"about":[{"href":"https:\/\/feriadeteatro.com\/feria2023\/wp-json\/wp\/v2\/types\/page"}],"author":[{"embeddable":true,"href":"https:\/\/feriadeteatro.com\/feria2023\/wp-json\/wp\/v2\/users\/1"}],"replies":[{"embeddable":true,"href":"https:\/\/feriadeteatro.com\/feria2023\/wp-json\/wp\/v2\/comments?post=8435"}],"version-history":[{"count":8,"href":"https:\/\/feriadeteatro.com\/feria2023\/wp-json\/wp\/v2\/pages\/8435\/revisions"}],"predecessor-version":[{"id":9995,"href":"https:\/\/feriadeteatro.com\/feria2023\/wp-json\/wp\/v2\/pages\/8435\/revisions\/9995"}],"wp:attachment":[{"href":"https:\/\/feriadeteatro.com\/feria2023\/wp-json\/wp\/v2\/media?parent=8435"}],"curies":[{"name":"wp","href":"https:\/\/api.w.org\/{rel}","templated":true}]}}