{"id":8,"date":"2015-03-12T14:07:46","date_gmt":"2015-03-12T14:07:46","guid":{"rendered":"http:\/\/avada.theme-fusion.com_demos\/lifestyle\/?page_id=8"},"modified":"2024-09-17T10:11:03","modified_gmt":"2024-09-17T09:11:03","slug":"home","status":"publish","type":"page","link":"https:\/\/feriadeteatro.com\/feria2024\/","title":{"rendered":"Feria de Teatro de Castilla y Le\u00f3n &#8211; Ciudad Rodrigo"},"content":{"rendered":"<p><div class=\"fusion-fullwidth fullwidth-box fusion-builder-row-1 fusion-flex-container has-pattern-background has-mask-background nonhundred-percent-fullwidth non-hundred-percent-height-scrolling\" style=\"--awb-background-position:left top;--awb-border-sizes-top:0px;--awb-border-sizes-bottom:0px;--awb-border-sizes-left:0px;--awb-border-sizes-right:0px;--awb-border-radius-top-left:0px;--awb-border-radius-top-right:0px;--awb-border-radius-bottom-right:0px;--awb-border-radius-bottom-left:0px;--awb-padding-top:20px;--awb-padding-bottom:50px;--awb-flex-wrap:wrap;\" ><div class=\"fusion-builder-row fusion-row fusion-flex-align-items-stretch fusion-flex-justify-content-center fusion-flex-content-wrap\" style=\"max-width:1216.8px;margin-left: calc(-4% \/ 2 );margin-right: calc(-4% \/ 2 );\"><div class=\"fusion-layout-column fusion_builder_column fusion-builder-column-0 fusion_builder_column_1_1 1_1 fusion-flex-column\" style=\"--awb-bg-size:cover;--awb-width-large:100%;--awb-margin-top-large:0px;--awb-spacing-right-large:1.92%;--awb-margin-bottom-large:0px;--awb-spacing-left-large:1.92%;--awb-width-medium:100%;--awb-order-medium:0;--awb-spacing-right-medium:1.92%;--awb-spacing-left-medium:1.92%;--awb-width-small:100%;--awb-order-small:0;--awb-spacing-right-small:1.92%;--awb-spacing-left-small:1.92%;\"><div class=\"fusion-column-wrapper fusion-column-has-shadow fusion-flex-justify-content-flex-start fusion-content-layout-column\"><div class=\"fusion-image-element \" style=\"--awb-caption-title-font-family:var(--h2_typography-font-family);--awb-caption-title-font-weight:var(--h2_typography-font-weight);--awb-caption-title-font-style:var(--h2_typography-font-style);--awb-caption-title-size:var(--h2_typography-font-size);--awb-caption-title-transform:var(--h2_typography-text-transform);--awb-caption-title-line-height:var(--h2_typography-line-height);--awb-caption-title-letter-spacing:var(--h2_typography-letter-spacing);\"><span class=\" fusion-imageframe imageframe-none imageframe-1 hover-type-none\"><img decoding=\"async\" width=\"1900\" height=\"300\" title=\"gracias-h\" src=\"https:\/\/feriadeteatro.com\/feria2024\/wp-content\/uploads\/2024\/09\/gracias-h.gif\" alt class=\"img-responsive wp-image-11568\"\/><\/span><\/div><div class=\"fusion-separator fusion-full-width-sep\" style=\"align-self: center;margin-left: auto;margin-right: auto;margin-top:10px;width:100%;\"><\/div><\/div><\/div><div class=\"fusion-layout-column fusion_builder_column fusion-builder-column-1 fusion-flex-column fusion-flex-align-self-stretch\" style=\"--awb-bg-size:cover;--awb-width-large:30%;--awb-margin-top-large:0px;--awb-spacing-right-large:6.4%;--awb-margin-bottom-large:0px;--awb-spacing-left-large:6.4%;--awb-width-medium:100%;--awb-order-medium:0;--awb-spacing-right-medium:1.92%;--awb-spacing-left-medium:1.92%;--awb-width-small:100%;--awb-order-small:0;--awb-spacing-right-small:1.92%;--awb-spacing-left-small:1.92%;\" data-scroll-devices=\"small-visibility,medium-visibility,large-visibility\"><div class=\"fusion-column-wrapper fusion-column-has-shadow fusion-flex-justify-content-space-between fusion-content-layout-column\"><div class=\"fusion-image-element \" style=\"--awb-caption-title-font-family:var(--h2_typography-font-family);--awb-caption-title-font-weight:var(--h2_typography-font-weight);--awb-caption-title-font-style:var(--h2_typography-font-style);--awb-caption-title-size:var(--h2_typography-font-size);--awb-caption-title-transform:var(--h2_typography-text-transform);--awb-caption-title-line-height:var(--h2_typography-line-height);--awb-caption-title-letter-spacing:var(--h2_typography-letter-spacing);\"><span class=\" fusion-imageframe imageframe-none imageframe-2 hover-type-none\"><a href=\"https:\/\/feriadeteatro.com\/feria2024\/wp-content\/uploads\/2024\/06\/cartel-27edicionFTCYLciudadrodrigo2024-p.jpg\" class=\"fusion-lightbox\" data-rel=\"iLightbox[885b0daef24c69861ce]\" data-title=\"cartel-27edicionFTCYLciudadrodrigo2024-p\" title=\"cartel-27edicionFTCYLciudadrodrigo2024-p\"><img decoding=\"async\" width=\"556\" height=\"1134\" src=\"https:\/\/feriadeteatro.com\/feria2024\/wp-content\/uploads\/2024\/06\/cartel-27edicionFTCYLciudadrodrigo2024-p.jpg\" alt class=\"img-responsive wp-image-10409\" srcset=\"https:\/\/feriadeteatro.com\/feria2024\/wp-content\/uploads\/2024\/06\/cartel-27edicionFTCYLciudadrodrigo2024-p-200x408.jpg 200w, https:\/\/feriadeteatro.com\/feria2024\/wp-content\/uploads\/2024\/06\/cartel-27edicionFTCYLciudadrodrigo2024-p-400x816.jpg 400w, https:\/\/feriadeteatro.com\/feria2024\/wp-content\/uploads\/2024\/06\/cartel-27edicionFTCYLciudadrodrigo2024-p.jpg 556w\" sizes=\"(max-width: 1024px) 100vw, (max-width: 640px) 100vw, 556px\" \/><\/a><\/span><\/div><\/div><\/div><div class=\"fusion-layout-column fusion_builder_column fusion-builder-column-2 fusion-flex-column fusion-flex-align-self-stretch\" style=\"--awb-bg-size:cover;--awb-width-large:70%;--awb-margin-top-large:0px;--awb-spacing-right-large:2.7428571428571%;--awb-margin-bottom-large:0px;--awb-spacing-left-large:2.7428571428571%;--awb-width-medium:100%;--awb-order-medium:0;--awb-spacing-right-medium:1.92%;--awb-spacing-left-medium:1.92%;--awb-width-small:100%;--awb-order-small:0;--awb-spacing-right-small:1.92%;--awb-spacing-left-small:1.92%;\" data-scroll-devices=\"small-visibility,medium-visibility,large-visibility\"><div class=\"fusion-column-wrapper fusion-column-has-shadow fusion-flex-justify-content-space-around fusion-content-layout-column\"><div class=\"fusion-builder-row fusion-builder-row-inner fusion-row fusion-flex-align-items-stretch fusion-flex-justify-content-center fusion-flex-content-wrap\" style=\"width:104% !important;max-width:104% !important;margin-left: calc(-4% \/ 2 );margin-right: calc(-4% \/ 2 );\"><div class=\"fusion-layout-column fusion_builder_column_inner fusion-builder-nested-column-0 fusion_builder_column_inner_1_3 1_3 fusion-flex-column\" style=\"--awb-bg-size:cover;--awb-width-large:33.333333333333%;--awb-margin-top-large:0px;--awb-spacing-right-large:5.76%;--awb-margin-bottom-large:0px;--awb-spacing-left-large:5.76%;--awb-width-medium:100%;--awb-order-medium:0;--awb-spacing-right-medium:1.92%;--awb-spacing-left-medium:1.92%;--awb-width-small:100%;--awb-order-small:0;--awb-spacing-right-small:1.92%;--awb-spacing-left-small:1.92%;\"><div class=\"fusion-column-wrapper fusion-column-has-shadow fusion-flex-justify-content-flex-start fusion-content-layout-column\"><div class=\"fusion-image-element \" style=\"text-align:center;--awb-caption-title-font-family:var(--h2_typography-font-family);--awb-caption-title-font-weight:var(--h2_typography-font-weight);--awb-caption-title-font-style:var(--h2_typography-font-style);--awb-caption-title-size:var(--h2_typography-font-size);--awb-caption-title-transform:var(--h2_typography-text-transform);--awb-caption-title-line-height:var(--h2_typography-line-height);--awb-caption-title-letter-spacing:var(--h2_typography-letter-spacing);\"><span class=\" fusion-imageframe imageframe-none imageframe-3 hover-type-none\"><a class=\"fusion-no-lightbox\" href=\"https:\/\/feriadeteatro.com\/feria2024\/programacion-2024\/\" target=\"_self\" aria-label=\"boton-programacion\"><img decoding=\"async\" width=\"400\" height=\"530\" src=\"https:\/\/feriadeteatro.com\/feria2024\/wp-content\/uploads\/2024\/07\/boton-programacion.jpg\" alt class=\"img-responsive wp-image-10552\" srcset=\"https:\/\/feriadeteatro.com\/feria2024\/wp-content\/uploads\/2024\/07\/boton-programacion-200x265.jpg 200w, https:\/\/feriadeteatro.com\/feria2024\/wp-content\/uploads\/2024\/07\/boton-programacion.jpg 400w\" sizes=\"(max-width: 1024px) 100vw, (max-width: 640px) 100vw, 400px\" \/><\/a><\/span><\/div><div class=\"fusion-separator fusion-full-width-sep\" style=\"align-self: center;margin-left: auto;margin-right: auto;margin-top:10px;width:100%;\"><\/div><\/div><\/div><div class=\"fusion-layout-column fusion_builder_column_inner fusion-builder-nested-column-1 fusion_builder_column_inner_1_3 1_3 fusion-flex-column\" style=\"--awb-bg-size:cover;--awb-width-large:33.333333333333%;--awb-margin-top-large:0px;--awb-spacing-right-large:5.76%;--awb-margin-bottom-large:0px;--awb-spacing-left-large:5.76%;--awb-width-medium:100%;--awb-order-medium:0;--awb-spacing-right-medium:1.92%;--awb-spacing-left-medium:1.92%;--awb-width-small:100%;--awb-order-small:0;--awb-spacing-right-small:1.92%;--awb-spacing-left-small:1.92%;\"><div class=\"fusion-column-wrapper fusion-column-has-shadow fusion-flex-justify-content-flex-start fusion-content-layout-column\"><div class=\"fusion-image-element \" style=\"text-align:center;--awb-caption-title-font-family:var(--h2_typography-font-family);--awb-caption-title-font-weight:var(--h2_typography-font-weight);--awb-caption-title-font-style:var(--h2_typography-font-style);--awb-caption-title-size:var(--h2_typography-font-size);--awb-caption-title-transform:var(--h2_typography-text-transform);--awb-caption-title-line-height:var(--h2_typography-line-height);--awb-caption-title-letter-spacing:var(--h2_typography-letter-spacing);\"><span class=\" fusion-imageframe imageframe-none imageframe-4 hover-type-none\"><a class=\"fusion-no-lightbox\" href=\"https:\/\/feriadeteatro.com\/feria2024\/premios-del-publico-de-la-27-feria\/\" target=\"_blank\" aria-label=\"boton-premios-publico-27-feria\" rel=\"noopener noreferrer\"><img decoding=\"async\" width=\"400\" height=\"530\" src=\"https:\/\/feriadeteatro.com\/feria2024\/wp-content\/uploads\/2024\/09\/boton-premios-publico-27-feria.jpg\" alt class=\"img-responsive wp-image-11565\" srcset=\"https:\/\/feriadeteatro.com\/feria2024\/wp-content\/uploads\/2024\/09\/boton-premios-publico-27-feria-200x265.jpg 200w, https:\/\/feriadeteatro.com\/feria2024\/wp-content\/uploads\/2024\/09\/boton-premios-publico-27-feria.jpg 400w\" sizes=\"(max-width: 1024px) 100vw, (max-width: 640px) 100vw, 400px\" \/><\/a><\/span><\/div><div class=\"fusion-separator fusion-full-width-sep\" style=\"align-self: center;margin-left: auto;margin-right: auto;margin-top:10px;width:100%;\"><\/div><\/div><\/div><div class=\"fusion-layout-column fusion_builder_column_inner fusion-builder-nested-column-2 fusion_builder_column_inner_1_3 1_3 fusion-flex-column\" style=\"--awb-bg-size:cover;--awb-width-large:33.333333333333%;--awb-margin-top-large:0px;--awb-spacing-right-large:5.76%;--awb-margin-bottom-large:0px;--awb-spacing-left-large:5.76%;--awb-width-medium:100%;--awb-order-medium:0;--awb-spacing-right-medium:1.92%;--awb-spacing-left-medium:1.92%;--awb-width-small:100%;--awb-order-small:0;--awb-spacing-right-small:1.92%;--awb-spacing-left-small:1.92%;\"><div class=\"fusion-column-wrapper fusion-column-has-shadow fusion-flex-justify-content-flex-start fusion-content-layout-column\"><div class=\"fusion-image-element \" style=\"text-align:center;--awb-caption-title-font-family:var(--h2_typography-font-family);--awb-caption-title-font-weight:var(--h2_typography-font-weight);--awb-caption-title-font-style:var(--h2_typography-font-style);--awb-caption-title-size:var(--h2_typography-font-size);--awb-caption-title-transform:var(--h2_typography-text-transform);--awb-caption-title-line-height:var(--h2_typography-line-height);--awb-caption-title-letter-spacing:var(--h2_typography-letter-spacing);\"><span class=\" fusion-imageframe imageframe-none imageframe-5 hover-type-none\"><a class=\"fusion-no-lightbox\" href=\"https:\/\/feriadeteatro.es\/feria2024\/aplicacion\/privado_acreditados.asp\" target=\"_self\" aria-label=\"boton-profesionales-acceso-panel\"><img decoding=\"async\" width=\"400\" height=\"530\" src=\"https:\/\/feriadeteatro.com\/feria2024\/wp-content\/uploads\/2024\/07\/boton-profesionales-acceso-panel.jpg\" alt class=\"img-responsive wp-image-10730\" srcset=\"https:\/\/feriadeteatro.com\/feria2024\/wp-content\/uploads\/2024\/07\/boton-profesionales-acceso-panel-200x265.jpg 200w, https:\/\/feriadeteatro.com\/feria2024\/wp-content\/uploads\/2024\/07\/boton-profesionales-acceso-panel.jpg 400w\" sizes=\"(max-width: 1024px) 100vw, (max-width: 640px) 100vw, 400px\" \/><\/a><\/span><\/div><div class=\"fusion-separator fusion-full-width-sep\" style=\"align-self: center;margin-left: auto;margin-right: auto;margin-top:10px;width:100%;\"><\/div><\/div><\/div><div class=\"fusion-layout-column fusion_builder_column_inner fusion-builder-nested-column-3 fusion_builder_column_inner_1_3 1_3 fusion-flex-column\" style=\"--awb-bg-size:cover;--awb-width-large:33.333333333333%;--awb-margin-top-large:0px;--awb-spacing-right-large:5.76%;--awb-margin-bottom-large:0px;--awb-spacing-left-large:5.76%;--awb-width-medium:100%;--awb-order-medium:0;--awb-spacing-right-medium:1.92%;--awb-spacing-left-medium:1.92%;--awb-width-small:100%;--awb-order-small:0;--awb-spacing-right-small:1.92%;--awb-spacing-left-small:1.92%;\"><div class=\"fusion-column-wrapper fusion-column-has-shadow fusion-flex-justify-content-flex-start fusion-content-layout-column\"><div class=\"fusion-image-element \" style=\"text-align:center;--awb-caption-title-font-family:var(--h2_typography-font-family);--awb-caption-title-font-weight:var(--h2_typography-font-weight);--awb-caption-title-font-style:var(--h2_typography-font-style);--awb-caption-title-size:var(--h2_typography-font-size);--awb-caption-title-transform:var(--h2_typography-text-transform);--awb-caption-title-line-height:var(--h2_typography-line-height);--awb-caption-title-letter-spacing:var(--h2_typography-letter-spacing);\"><span class=\" fusion-imageframe imageframe-none imageframe-6 hover-type-none\"><a class=\"fusion-no-lightbox\" href=\"https:\/\/www.feriadeteatro.com\/catalogociascyl\/\" target=\"_blank\" aria-label=\"boton-catalogo-cias-cyl\" rel=\"noopener noreferrer\"><img decoding=\"async\" width=\"400\" height=\"530\" src=\"https:\/\/feriadeteatro.com\/feria2024\/wp-content\/uploads\/2024\/07\/boton-catalogo-cias-cyl.jpg\" alt class=\"img-responsive wp-image-10549\" srcset=\"https:\/\/feriadeteatro.com\/feria2024\/wp-content\/uploads\/2024\/07\/boton-catalogo-cias-cyl-200x265.jpg 200w, https:\/\/feriadeteatro.com\/feria2024\/wp-content\/uploads\/2024\/07\/boton-catalogo-cias-cyl.jpg 400w\" sizes=\"(max-width: 1024px) 100vw, (max-width: 640px) 100vw, 400px\" \/><\/a><\/span><\/div><div class=\"fusion-separator fusion-full-width-sep\" style=\"align-self: center;margin-left: auto;margin-right: auto;margin-top:10px;width:100%;\"><\/div><\/div><\/div><div class=\"fusion-layout-column fusion_builder_column_inner fusion-builder-nested-column-4 fusion_builder_column_inner_1_3 1_3 fusion-flex-column\" style=\"--awb-bg-size:cover;--awb-width-large:33.333333333333%;--awb-margin-top-large:0px;--awb-spacing-right-large:5.76%;--awb-margin-bottom-large:0px;--awb-spacing-left-large:5.76%;--awb-width-medium:100%;--awb-order-medium:0;--awb-spacing-right-medium:1.92%;--awb-spacing-left-medium:1.92%;--awb-width-small:100%;--awb-order-small:0;--awb-spacing-right-small:1.92%;--awb-spacing-left-small:1.92%;\"><div class=\"fusion-column-wrapper fusion-column-has-shadow fusion-flex-justify-content-flex-start fusion-content-layout-column\"><div class=\"fusion-image-element \" style=\"text-align:center;--awb-caption-title-font-family:var(--h2_typography-font-family);--awb-caption-title-font-weight:var(--h2_typography-font-weight);--awb-caption-title-font-style:var(--h2_typography-font-style);--awb-caption-title-size:var(--h2_typography-font-size);--awb-caption-title-transform:var(--h2_typography-text-transform);--awb-caption-title-line-height:var(--h2_typography-line-height);--awb-caption-title-letter-spacing:var(--h2_typography-letter-spacing);\"><span class=\" fusion-imageframe imageframe-none imageframe-7 hover-type-none\"><a class=\"fusion-no-lightbox\" href=\"https:\/\/feriadeteatro.com\/feria2024\/apartado-multimedia\/\" target=\"_self\" aria-label=\"boton-apartado-multimedia-alto\"><img decoding=\"async\" width=\"400\" height=\"530\" src=\"https:\/\/feriadeteatro.com\/feria2024\/wp-content\/uploads\/2024\/07\/boton-apartado-multimedia-alto.jpg\" alt class=\"img-responsive wp-image-10548\" srcset=\"https:\/\/feriadeteatro.com\/feria2024\/wp-content\/uploads\/2024\/07\/boton-apartado-multimedia-alto-200x265.jpg 200w, https:\/\/feriadeteatro.com\/feria2024\/wp-content\/uploads\/2024\/07\/boton-apartado-multimedia-alto.jpg 400w\" sizes=\"(max-width: 1024px) 100vw, (max-width: 640px) 100vw, 400px\" \/><\/a><\/span><\/div><div class=\"fusion-separator fusion-full-width-sep\" style=\"align-self: center;margin-left: auto;margin-right: auto;margin-top:10px;width:100%;\"><\/div><\/div><\/div><div class=\"fusion-layout-column fusion_builder_column_inner fusion-builder-nested-column-5 fusion_builder_column_inner_1_3 1_3 fusion-flex-column\" style=\"--awb-bg-size:cover;--awb-width-large:33.333333333333%;--awb-margin-top-large:0px;--awb-spacing-right-large:5.76%;--awb-margin-bottom-large:0px;--awb-spacing-left-large:5.76%;--awb-width-medium:100%;--awb-order-medium:0;--awb-spacing-right-medium:1.92%;--awb-spacing-left-medium:1.92%;--awb-width-small:100%;--awb-order-small:0;--awb-spacing-right-small:1.92%;--awb-spacing-left-small:1.92%;\"><div class=\"fusion-column-wrapper fusion-column-has-shadow fusion-flex-justify-content-flex-start fusion-content-layout-column\"><div class=\"fusion-image-element \" style=\"text-align:center;--awb-caption-title-font-family:var(--h2_typography-font-family);--awb-caption-title-font-weight:var(--h2_typography-font-weight);--awb-caption-title-font-style:var(--h2_typography-font-style);--awb-caption-title-size:var(--h2_typography-font-size);--awb-caption-title-transform:var(--h2_typography-text-transform);--awb-caption-title-line-height:var(--h2_typography-line-height);--awb-caption-title-letter-spacing:var(--h2_typography-letter-spacing);\"><span class=\" fusion-imageframe imageframe-none imageframe-8 hover-type-none\"><a class=\"fusion-no-lightbox\" href=\"https:\/\/www.feriadeteatro.es\/feria2024\/aplicacion\/virtual_presentacion_tablon.asp\" target=\"_blank\" aria-label=\"botonFeriaVirtualalto\" rel=\"noopener noreferrer\"><img decoding=\"async\" width=\"400\" height=\"530\" src=\"https:\/\/feriadeteatro.com\/feria2024\/wp-content\/uploads\/2024\/07\/botonFeriaVirtualalto.jpg\" alt class=\"img-responsive wp-image-10550\" srcset=\"https:\/\/feriadeteatro.com\/feria2024\/wp-content\/uploads\/2024\/07\/botonFeriaVirtualalto-200x265.jpg 200w, https:\/\/feriadeteatro.com\/feria2024\/wp-content\/uploads\/2024\/07\/botonFeriaVirtualalto.jpg 400w\" sizes=\"(max-width: 1024px) 100vw, (max-width: 640px) 100vw, 400px\" \/><\/a><\/span><\/div><div class=\"fusion-separator fusion-full-width-sep\" style=\"align-self: center;margin-left: auto;margin-right: auto;margin-top:10px;width:100%;\"><\/div><\/div><\/div><\/div><\/div><\/div><\/div><\/div><div class=\"fusion-fullwidth fullwidth-box fusion-builder-row-2 fusion-flex-container nonhundred-percent-fullwidth non-hundred-percent-height-scrolling\" style=\"--awb-background-position:left top;--awb-border-sizes-top:0px;--awb-border-sizes-bottom:0px;--awb-border-sizes-left:0px;--awb-border-sizes-right:0px;--awb-border-radius-top-left:0px;--awb-border-radius-top-right:0px;--awb-border-radius-bottom-right:0px;--awb-border-radius-bottom-left:0px;--awb-padding-top:50px;--awb-padding-bottom:130px;--awb-background-color:rgba(229,229,229,0);--awb-flex-wrap:wrap;\" ><div class=\"fusion-builder-row fusion-row fusion-flex-align-items-flex-start fusion-flex-content-wrap\" style=\"max-width:1216.8px;margin-left: calc(-4% \/ 2 );margin-right: calc(-4% \/ 2 );\"><div class=\"fusion-layout-column fusion_builder_column fusion-builder-column-3 fusion_builder_column_1_1 1_1 fusion-flex-column fusion-flex-align-self-flex-start fusion-column-no-min-height\" style=\"--awb-bg-size:cover;--awb-width-large:100%;--awb-margin-top-large:0px;--awb-spacing-right-large:1.92%;--awb-margin-bottom-large:0px;--awb-spacing-left-large:1.92%;--awb-width-medium:100%;--awb-spacing-right-medium:1.92%;--awb-spacing-left-medium:1.92%;--awb-width-small:100%;--awb-spacing-right-small:1.92%;--awb-spacing-left-small:1.92%;\"><div class=\"fusion-column-wrapper fusion-flex-justify-content-flex-start fusion-content-layout-column\"><div class=\"fusion-text fusion-text-1\"><h2 style=\"text-align: center;\">\u00daltimas noticias<\/h2>\n<\/div><div class=\"fusion-separator fusion-full-width-sep\" style=\"align-self: center;margin-left: auto;margin-right: auto;margin-top:40px;width:100%;\"><\/div><\/div><\/div><div class=\"fusion-layout-column fusion_builder_column fusion-builder-column-4 fusion_builder_column_1_1 1_1 fusion-flex-column fusion-flex-align-self-flex-start fusion-column-no-min-height\" style=\"--awb-bg-size:cover;--awb-width-large:100%;--awb-margin-top-large:0px;--awb-spacing-right-large:1.92%;--awb-margin-bottom-large:0px;--awb-spacing-left-large:1.92%;--awb-width-medium:100%;--awb-spacing-right-medium:1.92%;--awb-spacing-left-medium:1.92%;--awb-width-small:100%;--awb-spacing-right-small:1.92%;--awb-spacing-left-small:1.92%;\"><div class=\"fusion-column-wrapper fusion-flex-justify-content-flex-start fusion-content-layout-column\"><div class=\"fusion-blog-shortcode fusion-blog-shortcode-1 fusion-blog-archive fusion-blog-layout-grid-wrapper fusion-blog-pagination\"><style type=\"text\/css\">.fusion-blog-shortcode-1 .fusion-blog-layout-grid .fusion-post-grid{padding:10px;}.fusion-blog-shortcode-1 .fusion-posts-container{margin-left: -10px !important; margin-right:-10px !important;}<\/style><div class=\"fusion-posts-container fusion-posts-container-pagination fusion-no-meta-info fusion-blog-rollover fusion-blog-layout-grid fusion-blog-layout-grid-3 isotope\" data-pages=\"21\" data-grid-col-space=\"20\" style=\"margin: -10px -10px 0;min-height:500px;\"><article id=\"blog-1-post-11551\" class=\"fusion-post-grid post-11551 post type-post status-publish format-standard has-post-thumbnail hentry category-notas-de-prensa category-noticias tag-27feria tag-amigosdelteatro tag-artesescenicas tag-companias tag-cultura tag-premios tag-publico\">\n<div class=\"fusion-post-wrapper\" style=\"background-color:rgba(255,255,255,0);border:1px solid #ebeaea;border-bottom-width:3px;\">\n\n\t\t\t<div class=\"fusion-flexslider flexslider fusion-flexslider-loading fusion-post-slideshow\" style=\"border-color:#ebeaea;\">\n\t\t<ul class=\"slides\">\n\t\t\t\n\t\t\t\t\t\t\t\t\t\t\t\t\t\t<li><div  class=\"fusion-image-wrapper\" aria-haspopup=\"true\">\n\t\t\t\t<img decoding=\"async\" width=\"1500\" height=\"1091\" src=\"https:\/\/feriadeteatro.com\/feria2024\/wp-content\/uploads\/2024\/09\/ZEN-DEL-SUR-_12.jpg\" class=\"attachment-full size-full wp-post-image\" alt=\"\" srcset=\"https:\/\/feriadeteatro.com\/feria2024\/wp-content\/uploads\/2024\/09\/ZEN-DEL-SUR-_12-200x145.jpg 200w, https:\/\/feriadeteatro.com\/feria2024\/wp-content\/uploads\/2024\/09\/ZEN-DEL-SUR-_12-400x291.jpg 400w, https:\/\/feriadeteatro.com\/feria2024\/wp-content\/uploads\/2024\/09\/ZEN-DEL-SUR-_12-600x436.jpg 600w, https:\/\/feriadeteatro.com\/feria2024\/wp-content\/uploads\/2024\/09\/ZEN-DEL-SUR-_12-800x582.jpg 800w, https:\/\/feriadeteatro.com\/feria2024\/wp-content\/uploads\/2024\/09\/ZEN-DEL-SUR-_12-1200x873.jpg 1200w, https:\/\/feriadeteatro.com\/feria2024\/wp-content\/uploads\/2024\/09\/ZEN-DEL-SUR-_12.jpg 1500w\" sizes=\"(min-width: 2200px) 100vw, (min-width: 824px) 377px, (min-width: 732px) 565px, (min-width: 640px) 732px, \" \/><div class=\"fusion-rollover\">\n\t<div class=\"fusion-rollover-content\">\n\n\t\t\t\t\t\t\t\t\t\t\t\t\t\t<a class=\"fusion-rollover-link\" href=\"https:\/\/feriadeteatro.com\/feria2024\/los-premios-del-publico-de-la-xxvii-feria-de-teatro-de-castilla-y-leon-recaen-en-los-trabajos-de-zen-del-sur-festuc-teatre-y-titiriteros-de-binefar\/\">Los Premios del P\u00fablico de la XXVII Feria de Teatro de Castilla y Le\u00f3n recaen en los trabajos de Zen del Sur, Festuc Teatre y Titiriteros de Bin\u00e9far<\/a>\n\t\t\t\n\t\t\t\t\t\t\t\t\t\t\t\t\t\t\n\t\t\t\t\t\t\t\t\n\t\t\t\t\t\t\t\t\t\t\t\t\t<div class=\"fusion-rollover-sep\"><\/div>\n\t\t\t\t\n\t\t\t\t\t\t\t\t\t\t\t\t\t\t\t\t\t\t<a class=\"fusion-rollover-gallery\" href=\"https:\/\/feriadeteatro.com\/feria2024\/wp-content\/uploads\/2024\/09\/ZEN-DEL-SUR-_12.jpg\" data-id=\"11551\" data-rel=\"iLightbox[gallery]\" data-title=\"ZEN-DEL-SUR-_12\" data-caption=\"\">\n\t\t\t\t\t\tGaler\u00eda\t\t\t\t\t<\/a>\n\t\t\t\t\t\t\t\t\t\t\t\t\t\t\n\t\t\n\t\t\t\t\t\t\t\t\n\t\t\t\t\t\t\t\t\n\t\t\n\t\t\t\t\t\t<a class=\"fusion-link-wrapper\" href=\"https:\/\/feriadeteatro.com\/feria2024\/los-premios-del-publico-de-la-xxvii-feria-de-teatro-de-castilla-y-leon-recaen-en-los-trabajos-de-zen-del-sur-festuc-teatre-y-titiriteros-de-binefar\/\" aria-label=\"Los Premios del P\u00fablico de la XXVII Feria de Teatro de Castilla y Le\u00f3n recaen en los trabajos de Zen del Sur, Festuc Teatre y Titiriteros de Bin\u00e9far\"><\/a>\n\t<\/div>\n<\/div>\n<\/div>\n<\/li>\n\t\t\t\n\t\t\t\n\t\t\t\t\t\t\t\t\t\t\t\t\t\t\t\t\t\t\t\t\t\t\t\t\t\t\t\t\t\t\t\t\t\t\t\t\t\t\t\t\t\t\t\t\t\t\t\t\t\t\t\t\t\t\t\t\t\t\t\t\t\t\t\t\t\t\t\t<\/ul>\n\t<\/div>\n\t<div class=\"fusion-post-content-wrapper\" style=\"padding:30px 25px 20px 25px;\"><div class=\"fusion-post-content post-content\"><h2 class=\"blog-shortcode-post-title entry-title\"><a href=\"https:\/\/feriadeteatro.com\/feria2024\/los-premios-del-publico-de-la-xxvii-feria-de-teatro-de-castilla-y-leon-recaen-en-los-trabajos-de-zen-del-sur-festuc-teatre-y-titiriteros-de-binefar\/\">Los Premios del P\u00fablico de la XXVII Feria de Teatro de Castilla y Le\u00f3n recaen en los trabajos de Zen del Sur, Festuc Teatre y Titiriteros de Bin\u00e9far<\/a><\/h2><\/div><\/div><div class=\"fusion-clearfix\"><\/div><\/div>\n<\/article>\n<article id=\"blog-1-post-11434\" class=\"fusion-post-grid post-11434 post type-post status-publish format-standard has-post-thumbnail hentry category-notas-de-prensa category-noticias\">\n<div class=\"fusion-post-wrapper\" style=\"background-color:rgba(255,255,255,0);border:1px solid #ebeaea;border-bottom-width:3px;\">\n\n\t\t\t<div class=\"fusion-flexslider flexslider fusion-flexslider-loading fusion-post-slideshow\" style=\"border-color:#ebeaea;\">\n\t\t<ul class=\"slides\">\n\t\t\t\n\t\t\t\t\t\t\t\t\t\t\t\t\t\t<li><div  class=\"fusion-image-wrapper\" aria-haspopup=\"true\">\n\t\t\t\t<img decoding=\"async\" width=\"1500\" height=\"977\" src=\"https:\/\/feriadeteatro.com\/feria2024\/wp-content\/uploads\/2024\/08\/jose-vicente-jueves_2.jpg\" class=\"attachment-full size-full wp-post-image\" alt=\"\" srcset=\"https:\/\/feriadeteatro.com\/feria2024\/wp-content\/uploads\/2024\/08\/jose-vicente-jueves_2-200x130.jpg 200w, https:\/\/feriadeteatro.com\/feria2024\/wp-content\/uploads\/2024\/08\/jose-vicente-jueves_2-400x261.jpg 400w, https:\/\/feriadeteatro.com\/feria2024\/wp-content\/uploads\/2024\/08\/jose-vicente-jueves_2-600x391.jpg 600w, https:\/\/feriadeteatro.com\/feria2024\/wp-content\/uploads\/2024\/08\/jose-vicente-jueves_2-800x521.jpg 800w, https:\/\/feriadeteatro.com\/feria2024\/wp-content\/uploads\/2024\/08\/jose-vicente-jueves_2-1200x782.jpg 1200w, https:\/\/feriadeteatro.com\/feria2024\/wp-content\/uploads\/2024\/08\/jose-vicente-jueves_2.jpg 1500w\" sizes=\"(min-width: 2200px) 100vw, (min-width: 824px) 377px, (min-width: 732px) 565px, (min-width: 640px) 732px, \" \/><div class=\"fusion-rollover\">\n\t<div class=\"fusion-rollover-content\">\n\n\t\t\t\t\t\t\t\t\t\t\t\t\t\t<a class=\"fusion-rollover-link\" href=\"https:\/\/feriadeteatro.com\/feria2024\/la-xxvii-feria-de-teatro-de-castilla-y-leon-mantiene-su-publico-fiel-por-encima-de-los-32-000-espectadores-y-la-asistencia-de-258-entidades-profesionales-acreditadas\/\">La XXVII Feria de Teatro de Castilla y Le\u00f3n mantiene su p\u00fablico fiel por encima de los 32 000 espectadores y la asistencia de 258 entidades profesionales acreditadas<\/a>\n\t\t\t\n\t\t\t\t\t\t\t\t\t\t\t\t\t\t\n\t\t\t\t\t\t\t\t\n\t\t\t\t\t\t\t\t\t\t\t\t\t<div class=\"fusion-rollover-sep\"><\/div>\n\t\t\t\t\n\t\t\t\t\t\t\t\t\t\t\t\t\t\t\t\t\t\t<a class=\"fusion-rollover-gallery\" href=\"https:\/\/feriadeteatro.com\/feria2024\/wp-content\/uploads\/2024\/08\/jose-vicente-jueves_2.jpg\" data-id=\"11434\" data-rel=\"iLightbox[gallery]\" data-title=\"jose vicente jueves_2\" data-caption=\"\">\n\t\t\t\t\t\tGaler\u00eda\t\t\t\t\t<\/a>\n\t\t\t\t\t\t\t\t\t\t\t\t\t\t\n\t\t\n\t\t\t\t\t\t\t\t\n\t\t\t\t\t\t\t\t\n\t\t\n\t\t\t\t\t\t<a class=\"fusion-link-wrapper\" href=\"https:\/\/feriadeteatro.com\/feria2024\/la-xxvii-feria-de-teatro-de-castilla-y-leon-mantiene-su-publico-fiel-por-encima-de-los-32-000-espectadores-y-la-asistencia-de-258-entidades-profesionales-acreditadas\/\" aria-label=\"La XXVII Feria de Teatro de Castilla y Le\u00f3n mantiene su p\u00fablico fiel por encima de los 32 000 espectadores y la asistencia de 258 entidades profesionales acreditadas\"><\/a>\n\t<\/div>\n<\/div>\n<\/div>\n<\/li>\n\t\t\t\n\t\t\t\n\t\t\t\t\t\t\t\t\t\t\t\t\t\t\t\t\t\t\t\t\t\t\t\t\t\t\t\t\t\t\t\t\t\t\t\t\t\t\t\t\t\t\t\t\t\t\t\t\t\t\t\t\t\t\t\t\t\t\t\t\t\t\t\t\t\t\t\t<\/ul>\n\t<\/div>\n\t<div class=\"fusion-post-content-wrapper\" style=\"padding:30px 25px 20px 25px;\"><div class=\"fusion-post-content post-content\"><h2 class=\"blog-shortcode-post-title entry-title\"><a href=\"https:\/\/feriadeteatro.com\/feria2024\/la-xxvii-feria-de-teatro-de-castilla-y-leon-mantiene-su-publico-fiel-por-encima-de-los-32-000-espectadores-y-la-asistencia-de-258-entidades-profesionales-acreditadas\/\">La XXVII Feria de Teatro de Castilla y Le\u00f3n mantiene su p\u00fablico fiel por encima de los 32 000 espectadores y la asistencia de 258 entidades profesionales acreditadas<\/a><\/h2><\/div><\/div><div class=\"fusion-clearfix\"><\/div><\/div>\n<\/article>\n<article id=\"blog-1-post-11169\" class=\"fusion-post-grid post-11169 post type-post status-publish format-standard has-post-thumbnail hentry category-notas-de-prensa category-noticias\">\n<div class=\"fusion-post-wrapper\" style=\"background-color:rgba(255,255,255,0);border:1px solid #ebeaea;border-bottom-width:3px;\">\n\n\t\t\t<div class=\"fusion-flexslider flexslider fusion-flexslider-loading fusion-post-slideshow\" style=\"border-color:#ebeaea;\">\n\t\t<ul class=\"slides\">\n\t\t\t\n\t\t\t\t\t\t\t\t\t\t\t\t\t\t<li><div  class=\"fusion-image-wrapper\" aria-haspopup=\"true\">\n\t\t\t\t<img decoding=\"async\" width=\"2560\" height=\"1703\" src=\"https:\/\/feriadeteatro.com\/feria2024\/wp-content\/uploads\/2024\/08\/trio-caracol-ensayo-0597-scaled.jpg\" class=\"attachment-full size-full wp-post-image\" alt=\"\" srcset=\"https:\/\/feriadeteatro.com\/feria2024\/wp-content\/uploads\/2024\/08\/trio-caracol-ensayo-0597-200x133.jpg 200w, https:\/\/feriadeteatro.com\/feria2024\/wp-content\/uploads\/2024\/08\/trio-caracol-ensayo-0597-400x266.jpg 400w, https:\/\/feriadeteatro.com\/feria2024\/wp-content\/uploads\/2024\/08\/trio-caracol-ensayo-0597-600x399.jpg 600w, https:\/\/feriadeteatro.com\/feria2024\/wp-content\/uploads\/2024\/08\/trio-caracol-ensayo-0597-800x532.jpg 800w, https:\/\/feriadeteatro.com\/feria2024\/wp-content\/uploads\/2024\/08\/trio-caracol-ensayo-0597-1200x798.jpg 1200w, https:\/\/feriadeteatro.com\/feria2024\/wp-content\/uploads\/2024\/08\/trio-caracol-ensayo-0597-scaled.jpg 2560w\" sizes=\"(min-width: 2200px) 100vw, (min-width: 824px) 377px, (min-width: 732px) 565px, (min-width: 640px) 732px, \" \/><div class=\"fusion-rollover\">\n\t<div class=\"fusion-rollover-content\">\n\n\t\t\t\t\t\t\t\t\t\t\t\t\t\t<a class=\"fusion-rollover-link\" href=\"https:\/\/feriadeteatro.com\/feria2024\/la-xxvii-feria-de-teatro-de-castilla-y-leon-se-despide-del-publico-con-una-docena-de-funciones-entre-clasicos-contemporaneos-y-titeres\/\">La XXVII Feria de Teatro de Castilla y Le\u00f3n se despide del p\u00fablico con una docena de funciones entre cl\u00e1sicos, contempor\u00e1neos y t\u00edteres<\/a>\n\t\t\t\n\t\t\t\t\t\t\t\t\t\t\t\t\t\t\n\t\t\t\t\t\t\t\t\n\t\t\t\t\t\t\t\t\t\t\t\t\t<div class=\"fusion-rollover-sep\"><\/div>\n\t\t\t\t\n\t\t\t\t\t\t\t\t\t\t\t\t\t\t\t\t\t\t<a class=\"fusion-rollover-gallery\" href=\"https:\/\/feriadeteatro.com\/feria2024\/wp-content\/uploads\/2024\/08\/trio-caracol-ensayo-0597-scaled.jpg\" data-id=\"11169\" data-rel=\"iLightbox[gallery]\" data-title=\"TRIO CARACOL\" data-caption=\"\">\n\t\t\t\t\t\tGaler\u00eda\t\t\t\t\t<\/a>\n\t\t\t\t\t\t\t\t\t\t\t\t\t\t\n\t\t\n\t\t\t\t\t\t\t\t\n\t\t\t\t\t\t\t\t\n\t\t\n\t\t\t\t\t\t<a class=\"fusion-link-wrapper\" href=\"https:\/\/feriadeteatro.com\/feria2024\/la-xxvii-feria-de-teatro-de-castilla-y-leon-se-despide-del-publico-con-una-docena-de-funciones-entre-clasicos-contemporaneos-y-titeres\/\" aria-label=\"La XXVII Feria de Teatro de Castilla y Le\u00f3n se despide del p\u00fablico con una docena de funciones entre cl\u00e1sicos, contempor\u00e1neos y t\u00edteres\"><\/a>\n\t<\/div>\n<\/div>\n<\/div>\n<\/li>\n\t\t\t\n\t\t\t\n\t\t\t\t\t\t\t\t\t\t\t\t\t\t\t\t\t\t\t\t\t\t\t\t\t\t\t\t\t\t\t\t\t\t\t\t\t\t\t\t\t\t\t\t\t\t\t\t\t\t\t\t\t\t\t\t\t\t\t\t\t\t\t\t\t\t\t\t<\/ul>\n\t<\/div>\n\t<div class=\"fusion-post-content-wrapper\" style=\"padding:30px 25px 20px 25px;\"><div class=\"fusion-post-content post-content\"><h2 class=\"blog-shortcode-post-title entry-title\"><a href=\"https:\/\/feriadeteatro.com\/feria2024\/la-xxvii-feria-de-teatro-de-castilla-y-leon-se-despide-del-publico-con-una-docena-de-funciones-entre-clasicos-contemporaneos-y-titeres\/\">La XXVII Feria de Teatro de Castilla y Le\u00f3n se despide del p\u00fablico con una docena de funciones entre cl\u00e1sicos, contempor\u00e1neos y t\u00edteres<\/a><\/h2><\/div><\/div><div class=\"fusion-clearfix\"><\/div><\/div>\n<\/article>\n<div class=\"fusion-clearfix\"><\/div><\/div><div class=\"pagination clearfix\"><span class=\"current\">1<\/span><a href=\"https:\/\/feriadeteatro.com\/feria2024\/wp-json\/wp\/v2\/pages\/8\/page\/2\/\" class=\"inactive\">2<\/a><a class=\"pagination-next\" rel=\"next\" href=\"https:\/\/feriadeteatro.com\/feria2024\/wp-json\/wp\/v2\/pages\/8\/page\/2\/\"><span class=\"page-text\">Siguiente<\/span><span class=\"page-next\"><\/span><\/a><\/div><div class=\"fusion-clearfix\"><\/div><\/div><\/div><\/div><\/div><\/div><div class=\"fusion-fullwidth fullwidth-box fusion-builder-row-3 fusion-flex-container nonhundred-percent-fullwidth non-hundred-percent-height-scrolling\" style=\"--awb-border-radius-top-left:0px;--awb-border-radius-top-right:0px;--awb-border-radius-bottom-right:0px;--awb-border-radius-bottom-left:0px;--awb-flex-wrap:wrap;\" ><div class=\"fusion-builder-row fusion-row fusion-flex-align-items-flex-start fusion-flex-content-wrap\" style=\"max-width:1216.8px;margin-left: calc(-4% \/ 2 );margin-right: calc(-4% \/ 2 );\"><div class=\"fusion-layout-column fusion_builder_column fusion-builder-column-5 fusion_builder_column_1_1 1_1 fusion-flex-column\" style=\"--awb-bg-size:cover;--awb-width-large:100%;--awb-margin-top-large:0px;--awb-spacing-right-large:1.92%;--awb-margin-bottom-large:0px;--awb-spacing-left-large:1.92%;--awb-width-medium:100%;--awb-spacing-right-medium:1.92%;--awb-spacing-left-medium:1.92%;--awb-width-small:100%;--awb-spacing-right-small:1.92%;--awb-spacing-left-small:1.92%;\"><div class=\"fusion-column-wrapper fusion-flex-justify-content-flex-start fusion-content-layout-column\"><div class=\"fusion-text fusion-text-2\"><h2 style=\"text-align: center;\">27 FERIA DE TEATRO DE CASTILLA Y LE\u00d3N<br \/>\nCIUDAD RODRIGO. 20\/24 AGOSTO. 2024<\/h2>\n<\/div><\/div><\/div><div class=\"fusion-layout-column fusion_builder_column fusion-builder-column-6 fusion_builder_column_1_2 1_2 fusion-flex-column\" style=\"--awb-bg-size:cover;--awb-width-large:50%;--awb-margin-top-large:0px;--awb-spacing-right-large:3.84%;--awb-margin-bottom-large:0px;--awb-spacing-left-large:3.84%;--awb-width-medium:100%;--awb-spacing-right-medium:1.92%;--awb-spacing-left-medium:1.92%;--awb-width-small:100%;--awb-spacing-right-small:1.92%;--awb-spacing-left-small:1.92%;\"><div class=\"fusion-column-wrapper fusion-flex-justify-content-flex-start fusion-content-layout-column\"><div class=\"fusion-separator fusion-full-width-sep\" style=\"align-self: center;margin-left: auto;margin-right: auto;margin-top:30px;width:100%;\"><\/div><div class=\"fusion-image-element \" style=\"--awb-caption-title-font-family:var(--h2_typography-font-family);--awb-caption-title-font-weight:var(--h2_typography-font-weight);--awb-caption-title-font-style:var(--h2_typography-font-style);--awb-caption-title-size:var(--h2_typography-font-size);--awb-caption-title-transform:var(--h2_typography-text-transform);--awb-caption-title-line-height:var(--h2_typography-line-height);--awb-caption-title-letter-spacing:var(--h2_typography-letter-spacing);\"><span class=\" fusion-imageframe imageframe-none imageframe-9 hover-type-none\"><a href=\"https:\/\/feriadeteatro.com\/feria2024\/wp-content\/uploads\/2022\/11\/feria-de-teatro-de-cyl-ciudad-rodirgo.jpg\" class=\"fusion-lightbox\" data-rel=\"iLightbox[dc9352a77d425956779]\" data-title=\"feria-de-teatro-de-cyl-ciudad-rodirgo\" title=\"feria-de-teatro-de-cyl-ciudad-rodirgo\"><img decoding=\"async\" width=\"1200\" height=\"797\" src=\"https:\/\/feriadeteatro.com\/feria2024\/wp-content\/uploads\/2022\/11\/feria-de-teatro-de-cyl-ciudad-rodirgo.jpg\" alt class=\"img-responsive wp-image-8661\" srcset=\"https:\/\/feriadeteatro.com\/feria2024\/wp-content\/uploads\/2022\/11\/feria-de-teatro-de-cyl-ciudad-rodirgo-200x133.jpg 200w, https:\/\/feriadeteatro.com\/feria2024\/wp-content\/uploads\/2022\/11\/feria-de-teatro-de-cyl-ciudad-rodirgo-400x266.jpg 400w, https:\/\/feriadeteatro.com\/feria2024\/wp-content\/uploads\/2022\/11\/feria-de-teatro-de-cyl-ciudad-rodirgo-600x399.jpg 600w, https:\/\/feriadeteatro.com\/feria2024\/wp-content\/uploads\/2022\/11\/feria-de-teatro-de-cyl-ciudad-rodirgo-800x531.jpg 800w, https:\/\/feriadeteatro.com\/feria2024\/wp-content\/uploads\/2022\/11\/feria-de-teatro-de-cyl-ciudad-rodirgo.jpg 1200w\" sizes=\"(max-width: 1024px) 100vw, (max-width: 640px) 100vw, 600px\" \/><\/a><\/span><\/div><\/div><\/div><div class=\"fusion-layout-column fusion_builder_column fusion-builder-column-7 fusion_builder_column_1_2 1_2 fusion-flex-column\" style=\"--awb-bg-size:cover;--awb-width-large:50%;--awb-margin-top-large:0px;--awb-spacing-right-large:3.84%;--awb-margin-bottom-large:0px;--awb-spacing-left-large:3.84%;--awb-width-medium:100%;--awb-spacing-right-medium:1.92%;--awb-spacing-left-medium:1.92%;--awb-width-small:100%;--awb-spacing-right-small:1.92%;--awb-spacing-left-small:1.92%;\"><div class=\"fusion-column-wrapper fusion-flex-justify-content-flex-start fusion-content-layout-column\"><div class=\"fusion-text fusion-text-3\"><h3 style=\"text-align: center;\">LA FERIA DE TEATRO<br \/>\nDE CASTILLA Y LE\u00d3N:<br \/>\nPRINCIPAL MERCADO DEL OCCIDENTE PENINSULAR<\/h3>\n<h4 style=\"text-align: center;\">La Feria de Teatro de Castilla y Le\u00f3n<br \/>\ncelebra su 27\u00aa edici\u00f3n<br \/>\ndel 20 al 24 de agosto de 2024.<\/h4>\n<\/div><div class=\"fusion-separator fusion-full-width-sep\" style=\"align-self: center;margin-left: auto;margin-right: auto;margin-top:20px;width:100%;\"><\/div><div class=\"fusion-text fusion-text-4\"><p style=\"text-align: justify;\">La Feria de Teatro sit\u00faa a Ciudad Rodrigo como un espacio de encuentro imprescindible para el actual mercado de Artes Esc\u00e9nicas, prestando siempre una especial atenci\u00f3n a nuestro occidente peninsular, acreditando cada a\u00f1o unas cifras significativas de asistencia de profesionales, contrataci\u00f3n de espect\u00e1culos y participaci\u00f3n del p\u00fablico.<\/p>\n<\/div><\/div><\/div><div class=\"fusion-layout-column fusion_builder_column fusion-builder-column-8 fusion_builder_column_1_1 1_1 fusion-flex-column\" style=\"--awb-bg-size:cover;--awb-width-large:100%;--awb-margin-top-large:0px;--awb-spacing-right-large:1.92%;--awb-margin-bottom-large:0px;--awb-spacing-left-large:1.92%;--awb-width-medium:100%;--awb-spacing-right-medium:1.92%;--awb-spacing-left-medium:1.92%;--awb-width-small:100%;--awb-spacing-right-small:1.92%;--awb-spacing-left-small:1.92%;\"><div class=\"fusion-column-wrapper fusion-flex-justify-content-flex-start fusion-content-layout-column\"><div class=\"fusion-separator fusion-full-width-sep\" style=\"align-self: center;margin-left: auto;margin-right: auto;margin-top:20px;width:100%;\"><\/div><div class=\"fusion-text fusion-text-5\"><p style=\"text-align: justify;\">Con una media de participaci\u00f3n de 40 compa\u00f1\u00edas en los que la calidad, la novedad y la variedad son las se\u00f1as de identidad, hacen que cada edici\u00f3n m\u00e1s de 250 entidades profesionales distintas soliciten acreditarse para asistir a este mercado esc\u00e9nico, sin renunciar a la implicaci\u00f3n del p\u00fablico que refuerza el papel de la Feria de Teatro como punto de encuentro profesional; dado que el gran respaldo de p\u00fablico con el que cuenta la Feria (con una media de 30.000 espectadores\/as en cada edici\u00f3n) ofrece al profesional acreditado\/a una herramienta de valoraci\u00f3n de los espect\u00e1culos muy \u00fatil para su trabajo.<\/p>\n<p style=\"text-align: justify;\">La Feria de Teatro de Castilla y Le\u00f3n es un proyecto cultural s\u00f3lido, acreditado y rentable, que conjuga la programaci\u00f3n esc\u00e9nica con un marco patrimonial privilegiado, contribuyendo a la promoci\u00f3n tur\u00edstica del territorio y ofreciendo a las compa\u00f1\u00edas seleccionadas escenarios \u00fanicos para la exhibici\u00f3n de sus trabajos.<\/p>\n<p style=\"text-align: justify;\">La Consejer\u00eda de Cultura, Turismo y Deporte de la Junta de Castilla y Le\u00f3n promueve la organizaci\u00f3n de la Feria de Teatro en alianza con el Ayuntamiento de Ciudad Rodrigo, la Diputaci\u00f3n Provincial de Salamanca y la Asociaci\u00f3n C\u00edvitas; sumando una gran implicaci\u00f3n del tejido empresarial de Ciudad Rodrigo y otras entidades p\u00fablicas y privadas.<\/p>\n<p style=\"text-align: center;\"><strong>\u00a1La 27\u00aa Feria de Teatro os espera!<\/strong><\/p>\n<\/div><\/div><\/div><\/div><\/div><\/p>\n","protected":false},"excerpt":{"rendered":"","protected":false},"author":1,"featured_media":0,"parent":0,"menu_order":0,"comment_status":"closed","ping_status":"closed","template":"100-width.php","meta":{"footnotes":""},"class_list":["post-8","page","type-page","status-publish","hentry"],"_links":{"self":[{"href":"https:\/\/feriadeteatro.com\/feria2024\/wp-json\/wp\/v2\/pages\/8","targetHints":{"allow":["GET"]}}],"collection":[{"href":"https:\/\/feriadeteatro.com\/feria2024\/wp-json\/wp\/v2\/pages"}],"about":[{"href":"https:\/\/feriadeteatro.com\/feria2024\/wp-json\/wp\/v2\/types\/page"}],"author":[{"embeddable":true,"href":"https:\/\/feriadeteatro.com\/feria2024\/wp-json\/wp\/v2\/users\/1"}],"replies":[{"embeddable":true,"href":"https:\/\/feriadeteatro.com\/feria2024\/wp-json\/wp\/v2\/comments?post=8"}],"version-history":[{"count":119,"href":"https:\/\/feriadeteatro.com\/feria2024\/wp-json\/wp\/v2\/pages\/8\/revisions"}],"predecessor-version":[{"id":11569,"href":"https:\/\/feriadeteatro.com\/feria2024\/wp-json\/wp\/v2\/pages\/8\/revisions\/11569"}],"wp:attachment":[{"href":"https:\/\/feriadeteatro.com\/feria2024\/wp-json\/wp\/v2\/media?parent=8"}],"curies":[{"name":"wp","href":"https:\/\/api.w.org\/{rel}","templated":true}]}}